{"id":438,"date":"2020-08-05T08:09:34","date_gmt":"2018-01-15T13:54:30","guid":{"rendered":"https:\/\/ueselitz.de\/presse-2-2-3\/"},"modified":"2020-10-21T11:17:30","modified_gmt":"2020-10-21T11:17:30","slug":"presse","status":"publish","type":"page","link":"https:\/\/ueselitz.de\/en\/presse\/","title":{"rendered":"Presse"},"content":{"rendered":"","protected":false},"excerpt":{"rendered":"","protected":false},"author":1,"featured_media":0,"parent":0,"menu_order":8,"comment_status":"closed","ping_status":"closed","template":"","meta":[],"class_list":["post-438","page","type-page","status-publish","hentry"],"grid":"{\r\n  \"colCount\": 12,\r\n  \"colGutter\": 3.5,\r\n  \"rowGutters\": [\r\n    5,\r\n    5,\r\n    1.2,\r\n    4,\r\n    1.2,\r\n    4,\r\n    1.2,\r\n    4,\r\n    1.2,\r\n    4,\r\n    2,\r\n    2,\r\n    2,\r\n    1.2\r\n  ],\r\n  \"frameMargin\": 10,\r\n  \"topFrameMargin\": 180,\r\n  \"bottomFrameMargin\": 5,\r\n  \"rowAttrs\": [\r\n    {},\r\n    {},\r\n    {},\r\n    {},\r\n    {},\r\n    {},\r\n    {},\r\n    {},\r\n    {},\r\n    {},\r\n    {},\r\n    {},\r\n    {},\r\n    {},\r\n    {}\r\n  ],\r\n  \"bgColor\": null,\r\n  \"cont\": [\r\n    {\r\n      \"type\": \"hr\",\r\n      \"cont\": \"\",\r\n      \"align\": \"bottom\",\r\n      \"row\": 0,\r\n      \"col\": 0,\r\n      \"colspan\": 12,\r\n      \"offsetx\": 0,\r\n      \"offsety\": 0,\r\n      \"spaceabove\": 0,\r\n      \"spacebelow\": 0,\r\n      \"yvel\": 0,\r\n      \"push\": 0,\r\n      \"relid\": 42\r\n    },\r\n    {\r\n      \"type\": \"text\",\r\n      \"cont\": \"<p class=\\\"_Headline\\\" style=\\\"text-align: left;\\\">\u00dcselitz in the press<\/p><p style=\\\"text-align: left;\\\">Read what others have said about \u00dcselitz and holidays surrounded by nature. For questions, pictures and further information please get in touch with us at <a href=\\\"mailto:%20info@ueselitz.de\\\" target=\\\"_blank\\\" rel=\\\"noopener\\\">info@ueselitz.de<\/a><\/p>\",\r\n      \"align\": \"middle\",\r\n      \"row\": 1,\r\n      \"col\": 0,\r\n      \"colspan\": 5,\r\n      \"offsetx\": 0,\r\n      \"offsety\": 0,\r\n      \"spaceabove\": 0,\r\n      \"spacebelow\": 0,\r\n      \"yvel\": 0,\r\n      \"push\": 0,\r\n      \"relid\": 43,\r\n      \"frameOverflow\": \"\"\r\n    },\r\n    {\r\n      \"type\": \"img\",\r\n      \"cont\": \"\/wp-content\/uploads\/2020\/10\/Zeit_Reisen_Ueselitz.jpg\",\r\n      \"align\": \"bottom\",\r\n      \"row\": 2,\r\n      \"col\": 0,\r\n      \"colspan\": 3,\r\n      \"offsetx\": 0,\r\n      \"offsety\": 0,\r\n      \"spaceabove\": 0,\r\n      \"spacebelow\": 0,\r\n      \"yvel\": 1,\r\n      \"push\": 0,\r\n      \"relid\": 1554,\r\n      \"attid\": 476,\r\n      \"sizes\": {\r\n        \"full\": \"\/wp-content\/uploads\/2020\/10\/Zeit_Reisen_Ueselitz.jpg\",\r\n        \"_1280\": \"\/wp-content\/uploads\/2020\/10\/Zeit_Reisen_Ueselitz-1280x1778.jpg\",\r\n        \"_1024\": \"\/wp-content\/uploads\/2020\/10\/Zeit_Reisen_Ueselitz-1024x1423.jpg\",\r\n        \"_768\": \"\/wp-content\/uploads\/2020\/10\/Zeit_Reisen_Ueselitz-768x1067.jpg\",\r\n        \"_512\": \"\/wp-content\/uploads\/2020\/10\/Zeit_Reisen_Ueselitz-512x711.jpg\",\r\n        \"_265\": \"\/wp-content\/uploads\/2020\/10\/Zeit_Reisen_Ueselitz-265x368.jpg\"\r\n      },\r\n      \"w\": 1654,\r\n      \"h\": 2298,\r\n      \"ar\": 1.3893591293833132,\r\n      \"alt\": \"\",\r\n      \"frameOverflow\": \"\"\r\n    },\r\n    {\r\n      \"type\": \"img\",\r\n      \"cont\": \"\/wp-content\/uploads\/2020\/09\/SZ_Magazin.png\",\r\n      \"align\": \"bottom\",\r\n      \"row\": 2,\r\n      \"col\": 4,\r\n      \"colspan\": 3,\r\n      \"offsetx\": 0,\r\n      \"offsety\": 0,\r\n      \"spaceabove\": 0,\r\n      \"spacebelow\": 0,\r\n      \"yvel\": 1,\r\n      \"push\": 1,\r\n      \"relid\": 1126,\r\n      \"attid\": 471,\r\n      \"sizes\": {\r\n        \"full\": \"\/wp-content\/uploads\/2020\/09\/SZ_Magazin.png\",\r\n        \"_768\": \"\/wp-content\/uploads\/2020\/09\/SZ_Magazin-768x979.png\",\r\n        \"_512\": \"\/wp-content\/uploads\/2020\/09\/SZ_Magazin-512x652.png\",\r\n        \"_265\": \"\/wp-content\/uploads\/2020\/09\/SZ_Magazin-265x338.png\"\r\n      },\r\n      \"w\": 977,\r\n      \"h\": 1245,\r\n      \"ar\": 1.2743091095189356,\r\n      \"alt\": \"\"\r\n    },\r\n    {\r\n      \"type\": \"img\",\r\n      \"cont\": \"\/wp-content\/uploads\/2020\/07\/fullImage.jpg\",\r\n      \"align\": \"bottom\",\r\n      \"row\": 2,\r\n      \"col\": 8,\r\n      \"colspan\": 3,\r\n      \"offsetx\": 0,\r\n      \"offsety\": 0,\r\n      \"spaceabove\": 0,\r\n      \"spacebelow\": 0,\r\n      \"yvel\": 1,\r\n      \"push\": 1,\r\n      \"relid\": 697,\r\n      \"attid\": 409,\r\n      \"sizes\": {\r\n        \"full\": \"\/wp-content\/uploads\/2020\/07\/fullImage.jpg\",\r\n        \"_768\": \"\/wp-content\/uploads\/2020\/07\/fullImage-768x973.jpg\",\r\n        \"_512\": \"\/wp-content\/uploads\/2020\/07\/fullImage-512x649.jpg\",\r\n        \"_265\": \"\/wp-content\/uploads\/2020\/07\/fullImage-265x336.jpg\"\r\n      },\r\n      \"w\": 1000,\r\n      \"h\": 1267,\r\n      \"ar\": 1.267,\r\n      \"alt\": \"\"\r\n    },\r\n    {\r\n      \"type\": \"stack\",\r\n      \"cont\": [\r\n        {\r\n          \"type\": \"text\",\r\n          \"cont\": \"<h1 class=\\\"_Quote\\\">Am eigenen Ufer<\/h1><p><span style=\\\"color: #000000;\\\">Zeit Reisen<br \/>15.10.2020<\/span><\/p>\",\r\n          \"align\": \"top\",\r\n          \"row\": -1,\r\n          \"col\": 0,\r\n          \"colspan\": 4,\r\n          \"offsetx\": 0,\r\n          \"offsety\": 0,\r\n          \"spaceabove\": 0,\r\n          \"spacebelow\": 0,\r\n          \"yvel\": 1,\r\n          \"push\": 0,\r\n          \"relid\": 1556\r\n        },\r\n        {\r\n          \"type\": \"text\",\r\n          \"cont\": \"<p><span style=\\\"color: #000000;\\\"><a href=\\\"https:\/\/ueselitz.de\/wp-content\/uploads\/2020\/10\/Zeit_Reisen_Ueselitz.pdf\\\" target=\\\"_blank\\\" rel=\\\"noopener\\\">PDF<\/a><\/span><\/p>\",\r\n          \"align\": \"middle\",\r\n          \"row\": -1,\r\n          \"col\": 0,\r\n          \"colspan\": 2,\r\n          \"offsetx\": 0,\r\n          \"offsety\": 0,\r\n          \"spaceabove\": 1,\r\n          \"spacebelow\": 0,\r\n          \"yvel\": 1,\r\n          \"push\": 0,\r\n          \"relid\": 1557,\r\n          \"classes\": \"buttonstyle1\"\r\n        }\r\n      ],\r\n      \"align\": \"top\",\r\n      \"row\": 3,\r\n      \"col\": 0,\r\n      \"colspan\": 4,\r\n      \"offsetx\": 0,\r\n      \"offsety\": 0,\r\n      \"spaceabove\": 0,\r\n      \"spacebelow\": 0,\r\n      \"yvel\": 1,\r\n      \"push\": 0,\r\n      \"relid\": 1555,\r\n      \"frameOverflow\": \"\"\r\n    },\r\n    {\r\n      \"type\": \"stack\",\r\n      \"cont\": [\r\n        {\r\n          \"type\": \"text\",\r\n          \"cont\": \"<h1 class=\\\"_Quote\\\">Guten Morgen, Natur!<\/h1><p>S\u00fcddeutsche Zeitung Magazin<br \/>Issue 38, 18 September 2020<\/p>\",\r\n          \"align\": \"middle\",\r\n          \"row\": -1,\r\n          \"col\": 0,\r\n          \"colspan\": 4,\r\n          \"offsetx\": 0,\r\n          \"offsety\": 0,\r\n          \"spaceabove\": 0,\r\n          \"spacebelow\": 0,\r\n          \"yvel\": 1,\r\n          \"push\": 0,\r\n          \"relid\": 1128\r\n        },\r\n        {\r\n          \"type\": \"text\",\r\n          \"cont\": \"<p><span style=\\\"color: #000000;\\\"><a href=\\\"https:\/\/ueselitz.de\/wp-content\/uploads\/2020\/09\/sz_magazin_ueselitz.pdf\\\" target=\\\"_blank\\\" rel=\\\"noopener\\\">PDF<\/a><\/span><\/p>\",\r\n          \"align\": \"bottom\",\r\n          \"row\": -1,\r\n          \"col\": 0,\r\n          \"colspan\": 2,\r\n          \"offsetx\": 0,\r\n          \"offsety\": 0,\r\n          \"spaceabove\": 1,\r\n          \"spacebelow\": 0,\r\n          \"yvel\": 1,\r\n          \"push\": 0,\r\n          \"relid\": 1129,\r\n          \"classes\": \"buttonstyle1\"\r\n        }\r\n      ],\r\n      \"align\": \"top\",\r\n      \"row\": 3,\r\n      \"col\": 4,\r\n      \"colspan\": 4,\r\n      \"offsetx\": 0,\r\n      \"offsety\": 0,\r\n      \"spaceabove\": 0,\r\n      \"spacebelow\": 0,\r\n      \"yvel\": 1,\r\n      \"push\": 0,\r\n      \"relid\": 1127\r\n    },\r\n    {\r\n      \"type\": \"stack\",\r\n      \"cont\": [\r\n        {\r\n          \"type\": \"text\",\r\n          \"cont\": \"<h1 class=\\\"_Quote\\\">Die besten Designadressen in Deutschland.<\/h1><p><span style=\\\"color: #000000;\\\">GEO SAISON<br \/>July 2020<\/span><\/p>\",\r\n          \"align\": \"top\",\r\n          \"row\": -1,\r\n          \"col\": 0,\r\n          \"colspan\": 4,\r\n          \"offsetx\": 0,\r\n          \"offsety\": 0,\r\n          \"spaceabove\": 0,\r\n          \"spacebelow\": 0,\r\n          \"yvel\": 1,\r\n          \"push\": 0,\r\n          \"relid\": 540\r\n        },\r\n        {\r\n          \"type\": \"text\",\r\n          \"cont\": \"<p><span style=\\\"color: #000000;\\\"><a href=\\\"https:\/\/ueselitz.de\/wp-content\/uploads\/2020\/08\/geo_saison_gut_ueselitz.pdf\\\" target=\\\"_blank\\\" rel=\\\"noopener\\\">PDF<\/a><\/span><\/p>\",\r\n          \"align\": \"bottom\",\r\n          \"row\": -1,\r\n          \"col\": 0,\r\n          \"colspan\": 2,\r\n          \"offsetx\": 0,\r\n          \"offsety\": 0,\r\n          \"spaceabove\": 1,\r\n          \"spacebelow\": 0,\r\n          \"yvel\": 1,\r\n          \"push\": 0,\r\n          \"relid\": 13,\r\n          \"classes\": \"buttonstyle1\"\r\n        }\r\n      ],\r\n      \"align\": \"middle\",\r\n      \"row\": 3,\r\n      \"col\": 8,\r\n      \"colspan\": 4,\r\n      \"offsetx\": 0,\r\n      \"offsety\": 0,\r\n      \"spaceabove\": 0,\r\n      \"spacebelow\": 0,\r\n      \"yvel\": 1,\r\n      \"push\": 0,\r\n      \"relid\": 539\r\n    },\r\n    {\r\n      \"type\": \"img\",\r\n      \"cont\": \"\/wp-content\/uploads\/2020\/07\/elle-germany-2020-juni.jpg\",\r\n      \"align\": \"bottom\",\r\n      \"row\": 4,\r\n      \"col\": 0,\r\n      \"colspan\": 3,\r\n      \"offsetx\": 0,\r\n      \"offsety\": 0,\r\n      \"spaceabove\": 0,\r\n      \"spacebelow\": 0,\r\n      \"yvel\": 1,\r\n      \"push\": 0,\r\n      \"relid\": 1170,\r\n      \"attid\": 402,\r\n      \"sizes\": {\r\n        \"full\": \"\/wp-content\/uploads\/2020\/07\/elle-germany-2020-juni.jpg\",\r\n        \"_768\": \"\/wp-content\/uploads\/2020\/07\/elle-germany-2020-juni-768x1049.jpg\",\r\n        \"_512\": \"\/wp-content\/uploads\/2020\/07\/elle-germany-2020-juni-512x700.jpg\",\r\n        \"_265\": \"\/wp-content\/uploads\/2020\/07\/elle-germany-2020-juni-265x362.jpg\"\r\n      },\r\n      \"w\": 800,\r\n      \"h\": 1093,\r\n      \"ar\": 1.36625,\r\n      \"alt\": \"\"\r\n    },\r\n    {\r\n      \"type\": \"img\",\r\n      \"cont\": \"\/wp-content\/uploads\/2020\/08\/OZ-U\u0308selitz_4.jpg\",\r\n      \"align\": \"bottom\",\r\n      \"row\": 4,\r\n      \"col\": 4,\r\n      \"colspan\": 3,\r\n      \"offsetx\": 0,\r\n      \"offsety\": 0,\r\n      \"spaceabove\": 0,\r\n      \"spacebelow\": 0,\r\n      \"yvel\": 1,\r\n      \"push\": 1,\r\n      \"relid\": 1140,\r\n      \"attid\": 435,\r\n      \"sizes\": {\r\n        \"full\": \"\/wp-content\/uploads\/2020\/08\/OZ-U\u0308selitz_4.jpg\",\r\n        \"_1920\": \"\/wp-content\/uploads\/2020\/08\/OZ-U\u0308selitz_4-1920x2797.jpg\",\r\n        \"_1280\": \"\/wp-content\/uploads\/2020\/08\/OZ-U\u0308selitz_4-1280x1865.jpg\",\r\n        \"_1024\": \"\/wp-content\/uploads\/2020\/08\/OZ-U\u0308selitz_4-1024x1492.jpg\",\r\n        \"_768\": \"\/wp-content\/uploads\/2020\/08\/OZ-U\u0308selitz_4-768x1119.jpg\",\r\n        \"_512\": \"\/wp-content\/uploads\/2020\/08\/OZ-U\u0308selitz_4-512x746.jpg\",\r\n        \"_265\": \"\/wp-content\/uploads\/2020\/08\/OZ-U\u0308selitz_4-265x386.jpg\"\r\n      },\r\n      \"w\": 2000,\r\n      \"h\": 2914,\r\n      \"ar\": 1.457,\r\n      \"alt\": \"\"\r\n    },\r\n    {\r\n      \"type\": \"img\",\r\n      \"cont\": \"\/wp-content\/uploads\/2020\/07\/vogue_living.jpg\",\r\n      \"align\": \"bottom\",\r\n      \"row\": 4,\r\n      \"col\": 8,\r\n      \"colspan\": 3,\r\n      \"offsetx\": 0,\r\n      \"offsety\": 0,\r\n      \"spaceabove\": 0,\r\n      \"spacebelow\": 0,\r\n      \"yvel\": 1,\r\n      \"push\": 1,\r\n      \"relid\": 541,\r\n      \"attid\": 405,\r\n      \"sizes\": {\r\n        \"full\": \"\/wp-content\/uploads\/2020\/07\/vogue_living.jpg\",\r\n        \"_512\": \"\/wp-content\/uploads\/2020\/07\/vogue_living-512x655.jpg\",\r\n        \"_265\": \"\/wp-content\/uploads\/2020\/07\/vogue_living-265x339.jpg\"\r\n      },\r\n      \"w\": 700,\r\n      \"h\": 896,\r\n      \"ar\": 1.28,\r\n      \"alt\": \"\"\r\n    },\r\n    {\r\n      \"type\": \"stack\",\r\n      \"cont\": [\r\n        {\r\n          \"type\": \"text\",\r\n          \"cont\": \"<h1 class=\\\"_Quote\\\">Norddeutschlands sch\u00f6nste Ferienh\u00e4user am Wasser.<\/h1><p><span style=\\\"color: #000000;\\\">ELLE<br \/>June 2020<\/span><\/p>\",\r\n          \"align\": \"middle\",\r\n          \"row\": -1,\r\n          \"col\": 0,\r\n          \"colspan\": 4,\r\n          \"offsetx\": 0,\r\n          \"offsety\": 0,\r\n          \"spaceabove\": 0,\r\n          \"spacebelow\": 0,\r\n          \"yvel\": 1,\r\n          \"push\": 0,\r\n          \"relid\": 6\r\n        },\r\n        {\r\n          \"type\": \"text\",\r\n          \"cont\": \"<p><span style=\\\"color: #000000;\\\"><a href=\\\"https:\/\/ueselitz.de\/wp-content\/uploads\/2020\/08\/elle-germany-2020-juni.pdf\\\" target=\\\"_blank\\\" rel=\\\"noopener\\\">PDF<\/a><\/span><\/p>\",\r\n          \"align\": \"bottom\",\r\n          \"row\": -1,\r\n          \"col\": 0,\r\n          \"colspan\": 2,\r\n          \"offsetx\": 0,\r\n          \"offsety\": 0,\r\n          \"spaceabove\": 1,\r\n          \"spacebelow\": 0,\r\n          \"yvel\": 1,\r\n          \"push\": 0,\r\n          \"relid\": 24,\r\n          \"classes\": \"buttonstyle1\"\r\n        }\r\n      ],\r\n      \"align\": \"top\",\r\n      \"row\": 5,\r\n      \"col\": 0,\r\n      \"colspan\": 4,\r\n      \"offsetx\": 0,\r\n      \"offsety\": 0,\r\n      \"spaceabove\": 0,\r\n      \"spacebelow\": 0,\r\n      \"yvel\": 1,\r\n      \"push\": 0,\r\n      \"relid\": 21\r\n    },\r\n    {\r\n      \"type\": \"stack\",\r\n      \"cont\": [\r\n        {\r\n          \"type\": \"text\",\r\n          \"cont\": \"<h1 class=\\\"_Quote\\\">Von der Ruine zum Wasserschloss<\/h1><p><span style=\\\"color: #000000;\\\">Ostseezeitung<br \/>31.3.2020<br \/><\/span><\/p>\",\r\n          \"align\": \"top\",\r\n          \"row\": -1,\r\n          \"col\": 0,\r\n          \"colspan\": 4,\r\n          \"offsetx\": 0,\r\n          \"offsety\": 0,\r\n          \"spaceabove\": 0,\r\n          \"spacebelow\": 0,\r\n          \"yvel\": 1,\r\n          \"push\": 0,\r\n          \"relid\": 1109\r\n        },\r\n        {\r\n          \"type\": \"text\",\r\n          \"cont\": \"<p><span style=\\\"color: #000000;\\\"><a href=\\\"https:\/\/ueselitz.de\/wp-content\/uploads\/2020\/08\/OZ-U\u0308selitz_2.pdf\\\" target=\\\"_blank\\\" rel=\\\"noopener\\\">PDF<\/a><\/span><\/p>\",\r\n          \"align\": \"bottom\",\r\n          \"row\": -1,\r\n          \"col\": 0,\r\n          \"colspan\": 2,\r\n          \"offsetx\": 0,\r\n          \"offsety\": 0,\r\n          \"spaceabove\": 1,\r\n          \"spacebelow\": 0,\r\n          \"yvel\": 1,\r\n          \"push\": 0,\r\n          \"relid\": 16,\r\n          \"classes\": \"buttonstyle1\"\r\n        }\r\n      ],\r\n      \"align\": \"top\",\r\n      \"row\": 5,\r\n      \"col\": 4,\r\n      \"colspan\": 4,\r\n      \"offsetx\": 0,\r\n      \"offsety\": 0,\r\n      \"spaceabove\": 0,\r\n      \"spacebelow\": 0,\r\n      \"yvel\": 1,\r\n      \"push\": 0,\r\n      \"relid\": 9\r\n    },\r\n    {\r\n      \"type\": \"stack\",\r\n      \"cont\": [\r\n        {\r\n          \"type\": \"text\",\r\n          \"cont\": \"<h1 class=\\\"_Quote\\\">Verr\u00fcckt romantisch und fast vergessen.<\/h1><p class=\\\"_Default\\\"><span style=\\\"color: #000000;\\\">VOGUE Living Netherlands<br \/>January\/February 2020<br \/><\/span><\/p>\",\r\n          \"align\": \"top\",\r\n          \"row\": -1,\r\n          \"col\": 0,\r\n          \"colspan\": 4,\r\n          \"offsetx\": 0,\r\n          \"offsety\": 0,\r\n          \"spaceabove\": 0,\r\n          \"spacebelow\": 0,\r\n          \"yvel\": 1,\r\n          \"push\": 0,\r\n          \"relid\": 7\r\n        },\r\n        {\r\n          \"type\": \"text\",\r\n          \"cont\": \"<p class=\\\"_LINK\\\"><a href=\\\"https:\/\/ueselitz.de\/wp-content\/uploads\/2020\/08\/vogue_living.pdf\\\" target=\\\"_blank\\\" rel=\\\"noopener\\\" data-id=\\\"0\\\">PDF<\/a><\/p>\",\r\n          \"align\": \"top\",\r\n          \"row\": -1,\r\n          \"col\": 0,\r\n          \"colspan\": 4,\r\n          \"offsetx\": 0,\r\n          \"offsety\": 0,\r\n          \"spaceabove\": 1,\r\n          \"spacebelow\": 0,\r\n          \"yvel\": 1,\r\n          \"push\": 0,\r\n          \"relid\": 20,\r\n          \"classes\": \"buttonstyle1\"\r\n        }\r\n      ],\r\n      \"align\": \"top\",\r\n      \"row\": 5,\r\n      \"col\": 8,\r\n      \"colspan\": 4,\r\n      \"offsetx\": 0,\r\n      \"offsety\": 0,\r\n      \"spaceabove\": 0,\r\n      \"spacebelow\": 0,\r\n      \"yvel\": 1,\r\n      \"push\": 0,\r\n      \"relid\": 22\r\n    },\r\n    {\r\n      \"type\": \"img\",\r\n      \"cont\": \"\/wp-content\/uploads\/2020\/08\/Bildschirmfoto-2020-08-11-um-16.51.59.png\",\r\n      \"align\": \"bottom\",\r\n      \"row\": 6,\r\n      \"col\": 0,\r\n      \"colspan\": 3,\r\n      \"offsetx\": 0,\r\n      \"offsety\": 0,\r\n      \"spaceabove\": 0,\r\n      \"spacebelow\": 0,\r\n      \"yvel\": 1,\r\n      \"push\": 0,\r\n      \"relid\": 1020,\r\n      \"attid\": 447,\r\n      \"sizes\": {\r\n        \"full\": \"\/wp-content\/uploads\/2020\/08\/Bildschirmfoto-2020-08-11-um-16.51.59.png\",\r\n        \"_1024\": \"\/wp-content\/uploads\/2020\/08\/Bildschirmfoto-2020-08-11-um-16.51.59-1024x574.png\",\r\n        \"_768\": \"\/wp-content\/uploads\/2020\/08\/Bildschirmfoto-2020-08-11-um-16.51.59-768x431.png\",\r\n        \"_512\": \"\/wp-content\/uploads\/2020\/08\/Bildschirmfoto-2020-08-11-um-16.51.59-512x287.png\",\r\n        \"_265\": \"\/wp-content\/uploads\/2020\/08\/Bildschirmfoto-2020-08-11-um-16.51.59-265x149.png\"\r\n      },\r\n      \"w\": 1279,\r\n      \"h\": 717,\r\n      \"ar\": 0.5605942142298671,\r\n      \"alt\": \"\"\r\n    },\r\n    {\r\n      \"type\": \"img\",\r\n      \"cont\": \"\/wp-content\/uploads\/2020\/07\/takemetothelakes.png\",\r\n      \"align\": \"bottom\",\r\n      \"row\": 6,\r\n      \"col\": 4,\r\n      \"colspan\": 3,\r\n      \"offsetx\": 0,\r\n      \"offsety\": 0,\r\n      \"spaceabove\": 0,\r\n      \"spacebelow\": 0,\r\n      \"yvel\": 1,\r\n      \"push\": 1,\r\n      \"relid\": 1573,\r\n      \"attid\": 403,\r\n      \"sizes\": {\r\n        \"full\": \"\/wp-content\/uploads\/2020\/07\/takemetothelakes.png\",\r\n        \"_265\": \"\/wp-content\/uploads\/2020\/07\/takemetothelakes-265x343.png\"\r\n      },\r\n      \"w\": 501,\r\n      \"h\": 649,\r\n      \"ar\": 1.2954091816367266,\r\n      \"alt\": \"\"\r\n    },\r\n    {\r\n      \"type\": \"img\",\r\n      \"cont\": \"\/wp-content\/uploads\/2020\/07\/01_architekten_reisen.jpg\",\r\n      \"align\": \"bottom\",\r\n      \"row\": 6,\r\n      \"col\": 8,\r\n      \"colspan\": 3,\r\n      \"offsetx\": 0,\r\n      \"offsety\": 0,\r\n      \"spaceabove\": 0,\r\n      \"spacebelow\": 0,\r\n      \"yvel\": 1,\r\n      \"push\": 1,\r\n      \"relid\": 698,\r\n      \"attid\": 398,\r\n      \"sizes\": {\r\n        \"full\": \"\/wp-content\/uploads\/2020\/07\/01_architekten_reisen.jpg\",\r\n        \"_1920\": \"\/wp-content\/uploads\/2020\/07\/01_architekten_reisen-1920x2268.jpg\",\r\n        \"_1280\": \"\/wp-content\/uploads\/2020\/07\/01_architekten_reisen-1280x1512.jpg\",\r\n        \"_1024\": \"\/wp-content\/uploads\/2020\/07\/01_architekten_reisen-1024x1210.jpg\",\r\n        \"_768\": \"\/wp-content\/uploads\/2020\/07\/01_architekten_reisen-768x907.jpg\",\r\n        \"_512\": \"\/wp-content\/uploads\/2020\/07\/01_architekten_reisen-512x605.jpg\",\r\n        \"_265\": \"\/wp-content\/uploads\/2020\/07\/01_architekten_reisen-265x313.jpg\"\r\n      },\r\n      \"w\": 2000,\r\n      \"h\": 2363,\r\n      \"ar\": 1.1815,\r\n      \"alt\": \"\"\r\n    },\r\n    {\r\n      \"type\": \"stack\",\r\n      \"cont\": [\r\n        {\r\n          \"type\": \"text\",\r\n          \"cont\": \"<h1 class=\\\"_Quote\\\">Inselklang: Lautsprecher von der Insel R\u00fcgen<\/h1><p><span style=\\\"color: #000000;\\\">Nordmagazin \u2013 NDR Fernsehen<br \/>13.01.2020<br \/><\/span><\/p>\",\r\n          \"align\": \"middle\",\r\n          \"row\": -1,\r\n          \"col\": 0,\r\n          \"colspan\": 4,\r\n          \"offsetx\": 0,\r\n          \"offsety\": 0,\r\n          \"spaceabove\": 0,\r\n          \"spacebelow\": 0,\r\n          \"yvel\": 1,\r\n          \"push\": 0,\r\n          \"relid\": 26\r\n        },\r\n        {\r\n          \"type\": \"text\",\r\n          \"cont\": \"<p><span style=\\\"color: #000000;\\\"><a href=\\\"https:\/\/www.ardmediathek.de\/ndr\/video\/nordmagazin\/inselklang-lautsprecher-von-der-insel-ruegen\/ndr-fernsehen\/Y3JpZDovL25kci5kZS9kNzk2YTdiNi1hZDA5LTRiYWYtYWMzZC1kNjYyNjJmM2MwYTU\/\\\" target=\\\"_blank\\\" rel=\\\"noopener\\\">ARD-Mediathek<\/a><\/span><\/p>\",\r\n          \"align\": \"middle\",\r\n          \"row\": -1,\r\n          \"col\": 0,\r\n          \"colspan\": 3,\r\n          \"offsetx\": 0,\r\n          \"offsety\": 0,\r\n          \"spaceabove\": 1,\r\n          \"spacebelow\": 0,\r\n          \"yvel\": 1,\r\n          \"push\": 0,\r\n          \"relid\": 27,\r\n          \"classes\": \"buttonstyle1\"\r\n        }\r\n      ],\r\n      \"align\": \"middle\",\r\n      \"row\": 7,\r\n      \"col\": 0,\r\n      \"colspan\": 4,\r\n      \"offsetx\": 0,\r\n      \"offsety\": 0,\r\n      \"spaceabove\": 0,\r\n      \"spacebelow\": 0,\r\n      \"yvel\": 1,\r\n      \"push\": 0,\r\n      \"relid\": 25\r\n    },\r\n    {\r\n      \"type\": \"stack\",\r\n      \"cont\": [\r\n        {\r\n          \"type\": \"text\",\r\n          \"cont\": \"<h1 class=\\\"_Quote\\\">Take Me to the Lakes \u2013 Weekender Edition Hamburg<\/h1><p>The Gentle Temper<br \/>1. edition, 2019<\/p>\",\r\n          \"align\": \"top\",\r\n          \"row\": -1,\r\n          \"col\": 0,\r\n          \"colspan\": 4,\r\n          \"offsetx\": 0,\r\n          \"offsety\": 0,\r\n          \"spaceabove\": 0,\r\n          \"spacebelow\": 0,\r\n          \"yvel\": 1,\r\n          \"push\": 0,\r\n          \"relid\": 1169\r\n        },\r\n        {\r\n          \"type\": \"text\",\r\n          \"cont\": \"<p><a href=\\\"https:\/\/ueselitz.de\/wp-content\/uploads\/2020\/08\/takemetothelakes.pdf\\\" target=\\\"_blank\\\" rel=\\\"noopener\\\">PDF<\/a><\/p>\",\r\n          \"align\": \"bottom\",\r\n          \"row\": -1,\r\n          \"col\": 0,\r\n          \"colspan\": 2,\r\n          \"offsetx\": 0,\r\n          \"offsety\": 0,\r\n          \"spaceabove\": 1,\r\n          \"spacebelow\": 0,\r\n          \"yvel\": 1,\r\n          \"push\": 0,\r\n          \"relid\": 18,\r\n          \"classes\": \"buttonstyle1\"\r\n        }\r\n      ],\r\n      \"align\": \"middle\",\r\n      \"row\": 7,\r\n      \"col\": 4,\r\n      \"colspan\": 4,\r\n      \"offsetx\": 0,\r\n      \"offsety\": 0,\r\n      \"spaceabove\": 0,\r\n      \"spacebelow\": 0,\r\n      \"yvel\": 1,\r\n      \"push\": 0,\r\n      \"relid\": 8\r\n    },\r\n    {\r\n      \"type\": \"stack\",\r\n      \"cont\": [\r\n        {\r\n          \"type\": \"text\",\r\n          \"cont\": \"<h1 class=\\\"_Quote\\\">Architekten Reisen \u2013 Design-Refugien in Deutschland<\/h1><p class=\\\"_Default\\\"><span style=\\\"color: #000000;\\\">Braun Publishing<br \/>10\/2019<br \/><\/span><\/p>\",\r\n          \"align\": \"top\",\r\n          \"row\": -1,\r\n          \"col\": 0,\r\n          \"colspan\": 4,\r\n          \"offsetx\": 0,\r\n          \"offsety\": 0,\r\n          \"spaceabove\": 0,\r\n          \"spacebelow\": 0,\r\n          \"yvel\": 1,\r\n          \"push\": 0,\r\n          \"relid\": 764\r\n        },\r\n        {\r\n          \"type\": \"text\",\r\n          \"cont\": \"<p><a href=\\\"https:\/\/ueselitz.de\/wp-content\/uploads\/2020\/08\/architekten_reisen.pdf\\\" target=\\\"_blank\\\" rel=\\\"noopener\\\">PDF<\/a><\/p>\",\r\n          \"align\": \"middle\",\r\n          \"row\": -1,\r\n          \"col\": 0,\r\n          \"colspan\": 2,\r\n          \"offsetx\": 0,\r\n          \"offsety\": 0,\r\n          \"spaceabove\": 1,\r\n          \"spacebelow\": 0,\r\n          \"yvel\": 1,\r\n          \"push\": 0,\r\n          \"relid\": 19,\r\n          \"classes\": \"buttonstyle1\"\r\n        }\r\n      ],\r\n      \"align\": \"middle\",\r\n      \"row\": 7,\r\n      \"col\": 8,\r\n      \"colspan\": 4,\r\n      \"offsetx\": 0,\r\n      \"offsety\": 0,\r\n      \"spaceabove\": 0,\r\n      \"spacebelow\": 0,\r\n      \"yvel\": 1,\r\n      \"push\": 0,\r\n      \"relid\": 23\r\n    },\r\n    {\r\n      \"type\": \"img\",\r\n      \"cont\": \"\/wp-content\/uploads\/2020\/09\/figaro_magazine_title.jpg\",\r\n      \"align\": \"bottom\",\r\n      \"row\": 8,\r\n      \"col\": 0,\r\n      \"colspan\": 3,\r\n      \"offsetx\": 0,\r\n      \"offsety\": 0,\r\n      \"spaceabove\": 0,\r\n      \"spacebelow\": 0,\r\n      \"yvel\": 1,\r\n      \"push\": 0,\r\n      \"relid\": 766,\r\n      \"attid\": 459,\r\n      \"sizes\": {\r\n        \"full\": \"\/wp-content\/uploads\/2020\/09\/figaro_magazine_title.jpg\",\r\n        \"_1280\": \"\/wp-content\/uploads\/2020\/09\/figaro_magazine_title-1280x1637.jpg\",\r\n        \"_1024\": \"\/wp-content\/uploads\/2020\/09\/figaro_magazine_title-1024x1310.jpg\",\r\n        \"_768\": \"\/wp-content\/uploads\/2020\/09\/figaro_magazine_title-768x982.jpg\",\r\n        \"_512\": \"\/wp-content\/uploads\/2020\/09\/figaro_magazine_title-512x655.jpg\",\r\n        \"_265\": \"\/wp-content\/uploads\/2020\/09\/figaro_magazine_title-265x339.jpg\"\r\n      },\r\n      \"w\": 1819,\r\n      \"h\": 2327,\r\n      \"ar\": 1.279274326553051,\r\n      \"alt\": \"\"\r\n    },\r\n    {\r\n      \"type\": \"img\",\r\n      \"cont\": \"\/wp-content\/uploads\/2020\/08\/elle_decoration_ueselitz_2019-1.jpg\",\r\n      \"align\": \"bottom\",\r\n      \"row\": 8,\r\n      \"col\": 4,\r\n      \"colspan\": 3,\r\n      \"offsetx\": 0,\r\n      \"offsety\": 0,\r\n      \"spaceabove\": 0,\r\n      \"spacebelow\": 0,\r\n      \"yvel\": 1,\r\n      \"push\": 1,\r\n      \"relid\": 1852,\r\n      \"attid\": 454,\r\n      \"sizes\": {\r\n        \"full\": \"\/wp-content\/uploads\/2020\/08\/elle_decoration_ueselitz_2019-1.jpg\",\r\n        \"_1024\": \"\/wp-content\/uploads\/2020\/08\/elle_decoration_ueselitz_2019-1-1024x1336.jpg\",\r\n        \"_768\": \"\/wp-content\/uploads\/2020\/08\/elle_decoration_ueselitz_2019-1-768x1002.jpg\",\r\n        \"_512\": \"\/wp-content\/uploads\/2020\/08\/elle_decoration_ueselitz_2019-1-512x668.jpg\",\r\n        \"_265\": \"\/wp-content\/uploads\/2020\/08\/elle_decoration_ueselitz_2019-1-265x346.jpg\"\r\n      },\r\n      \"w\": 1126,\r\n      \"h\": 1469,\r\n      \"ar\": 1.3046181172291296,\r\n      \"alt\": \"\"\r\n    },\r\n    {\r\n      \"type\": \"stack\",\r\n      \"cont\": [\r\n        {\r\n          \"type\": \"text\",\r\n          \"cont\": \"<h1 class=\\\"_Quote\\\">R\u00fcgen &amp; Usedom. Exotique Baltique<\/h1><p class=\\\"_Default\\\"><span style=\\\"color: #000000;\\\">Le Figaro Magazine<br \/>August 2019<br \/><\/span><\/p>\",\r\n          \"align\": \"top\",\r\n          \"row\": -1,\r\n          \"col\": 0,\r\n          \"colspan\": 4,\r\n          \"offsetx\": 0,\r\n          \"offsety\": 0,\r\n          \"spaceabove\": 0,\r\n          \"spacebelow\": 0,\r\n          \"yvel\": 1,\r\n          \"push\": 0,\r\n          \"relid\": 30\r\n        },\r\n        {\r\n          \"type\": \"text\",\r\n          \"cont\": \"<p><span style=\\\"color: #000000;\\\"><a href=\\\"https:\/\/ueselitz.de\/wp-content\/uploads\/2020\/09\/figaro_magazine.pdf\\\" target=\\\"_blank\\\" rel=\\\"noopener\\\">PDF<\/a><\/span><\/p>\",\r\n          \"align\": \"middle\",\r\n          \"row\": -1,\r\n          \"col\": 0,\r\n          \"colspan\": 2,\r\n          \"offsetx\": 0,\r\n          \"offsety\": 0,\r\n          \"spaceabove\": 1,\r\n          \"spacebelow\": 0,\r\n          \"yvel\": 1,\r\n          \"push\": 0,\r\n          \"relid\": 31,\r\n          \"classes\": \"buttonstyle1\"\r\n        }\r\n      ],\r\n      \"align\": \"top\",\r\n      \"row\": 9,\r\n      \"col\": 0,\r\n      \"colspan\": 4,\r\n      \"offsetx\": 0,\r\n      \"offsety\": 0,\r\n      \"spaceabove\": 0,\r\n      \"spacebelow\": 0,\r\n      \"yvel\": 1,\r\n      \"push\": 0,\r\n      \"relid\": 14\r\n    },\r\n    {\r\n      \"type\": \"stack\",\r\n      \"cont\": [\r\n        {\r\n          \"type\": \"text\",\r\n          \"cont\": \"<h1 class=\\\"_Quote\\\">Gl\u00fcck auf Zeit. Traumhafte Ferienh\u00e4user von Belgien \u00fcber Deutschland bis Italien und Griechenland<\/h1><p class=\\\"_Default\\\"><span style=\\\"color: #000000;\\\">Elle Decoration<br \/>3\/2019, Mai\/June<br \/><\/span><\/p>\",\r\n          \"align\": \"top\",\r\n          \"row\": -1,\r\n          \"col\": 0,\r\n          \"colspan\": 4,\r\n          \"offsetx\": 0,\r\n          \"offsety\": 0,\r\n          \"spaceabove\": 0,\r\n          \"spacebelow\": 0,\r\n          \"yvel\": 1,\r\n          \"push\": 0,\r\n          \"relid\": 1854\r\n        },\r\n        {\r\n          \"type\": \"text\",\r\n          \"cont\": \"<p><span style=\\\"color: #000000;\\\"><a href=\\\"https:\/\/ueselitz.de\/wp-content\/uploads\/2020\/09\/elle_decoration_1.pdf\\\" target=\\\"_blank\\\" rel=\\\"noopener\\\">PDF<\/a><\/span><\/p>\",\r\n          \"align\": \"bottom\",\r\n          \"row\": -1,\r\n          \"col\": 0,\r\n          \"colspan\": 2,\r\n          \"offsetx\": 0,\r\n          \"offsety\": 0,\r\n          \"spaceabove\": 1,\r\n          \"spacebelow\": 0,\r\n          \"yvel\": 1,\r\n          \"push\": 0,\r\n          \"relid\": 32,\r\n          \"classes\": \"buttonstyle1\"\r\n        }\r\n      ],\r\n      \"align\": \"top\",\r\n      \"row\": 9,\r\n      \"col\": 4,\r\n      \"colspan\": 4,\r\n      \"offsetx\": 0,\r\n      \"offsety\": 0,\r\n      \"spaceabove\": 0,\r\n      \"spacebelow\": 0,\r\n      \"yvel\": 1,\r\n      \"push\": 0,\r\n      \"relid\": 1853\r\n    },\r\n    {\r\n      \"type\": \"text\",\r\n      \"cont\": \"<p class=\\\"_Headline\\\">Blogs<\/p>\",\r\n      \"align\": \"top\",\r\n      \"row\": 10,\r\n      \"col\": 0,\r\n      \"colspan\": 2,\r\n      \"offsetx\": 0,\r\n      \"offsety\": 0,\r\n      \"spaceabove\": 0,\r\n      \"spacebelow\": 0,\r\n      \"yvel\": 1,\r\n      \"push\": 0,\r\n      \"relid\": 1610\r\n    },\r\n    {\r\n      \"type\": \"hr\",\r\n      \"cont\": \"\",\r\n      \"align\": \"middle\",\r\n      \"row\": 11,\r\n      \"col\": 0,\r\n      \"colspan\": 4,\r\n      \"offsetx\": 0,\r\n      \"offsety\": 0,\r\n      \"spaceabove\": 0,\r\n      \"spacebelow\": 0,\r\n      \"yvel\": 1,\r\n      \"push\": 0,\r\n      \"relid\": 1607,\r\n      \"frameOverflow\": \"\"\r\n    },\r\n    {\r\n      \"type\": \"hr\",\r\n      \"cont\": \"\",\r\n      \"align\": \"middle\",\r\n      \"row\": 11,\r\n      \"col\": 4,\r\n      \"colspan\": 4,\r\n      \"offsetx\": 0,\r\n      \"offsety\": 0,\r\n      \"spaceabove\": 0,\r\n      \"spacebelow\": 0,\r\n      \"yvel\": 1,\r\n      \"push\": 0,\r\n      \"relid\": 1608,\r\n      \"frameOverflow\": \"\"\r\n    },\r\n    {\r\n      \"type\": \"hr\",\r\n      \"cont\": \"\",\r\n      \"align\": \"middle\",\r\n      \"row\": 11,\r\n      \"col\": 8,\r\n      \"colspan\": 4,\r\n      \"offsetx\": 0,\r\n      \"offsety\": 0,\r\n      \"spaceabove\": 0,\r\n      \"spacebelow\": 0,\r\n      \"yvel\": 1,\r\n      \"push\": 0,\r\n      \"relid\": 1609,\r\n      \"frameOverflow\": \"\"\r\n    },\r\n    {\r\n      \"type\": \"img\",\r\n      \"cont\": \"\/wp-content\/uploads\/2020\/08\/stil-in_berlin.jpg\",\r\n      \"align\": \"top\",\r\n      \"row\": 12,\r\n      \"col\": 0,\r\n      \"colspan\": 4,\r\n      \"offsetx\": 0,\r\n      \"offsety\": 0,\r\n      \"spaceabove\": 0,\r\n      \"spacebelow\": 0,\r\n      \"yvel\": 1,\r\n      \"push\": 0,\r\n      \"relid\": 549,\r\n      \"attid\": 420,\r\n      \"sizes\": {\r\n        \"full\": \"\/wp-content\/uploads\/2020\/08\/stil-in_berlin.jpg\",\r\n        \"_265\": \"\/wp-content\/uploads\/2020\/08\/stil-in_berlin-265x159.jpg\"\r\n      },\r\n      \"w\": 500,\r\n      \"h\": 300,\r\n      \"ar\": 0.6,\r\n      \"alt\": \"\",\r\n      \"frameOverflow\": \"\",\r\n      \"imagelink\": {\r\n        \"url\": \"https:\/\/www.stilinberlin.de\/2019\/10\/escape-gut-uselitz-on-rugen.html\",\r\n        \"id\": 0,\r\n        \"type\": \"\",\r\n        \"newtab\": true,\r\n        \"title\": \"\",\r\n        \"hoverimageid\": null,\r\n        \"hoverimagesmallsrc\": \"\"\r\n      }\r\n    },\r\n    {\r\n      \"type\": \"img\",\r\n      \"cont\": \"\/wp-content\/uploads\/2020\/08\/mit_vergnuegen.jpg\",\r\n      \"align\": \"top\",\r\n      \"row\": 12,\r\n      \"col\": 4,\r\n      \"colspan\": 4,\r\n      \"offsetx\": 0,\r\n      \"offsety\": 0,\r\n      \"spaceabove\": 0,\r\n      \"spacebelow\": 0,\r\n      \"yvel\": 1,\r\n      \"push\": 0,\r\n      \"relid\": 1196,\r\n      \"attid\": 418,\r\n      \"sizes\": {\r\n        \"full\": \"\/wp-content\/uploads\/2020\/08\/mit_vergnuegen.jpg\",\r\n        \"_265\": \"\/wp-content\/uploads\/2020\/08\/mit_vergnuegen-265x159.jpg\"\r\n      },\r\n      \"w\": 500,\r\n      \"h\": 300,\r\n      \"ar\": 0.6,\r\n      \"alt\": \"\",\r\n      \"frameOverflow\": \"\"\r\n    },\r\n    {\r\n      \"type\": \"img\",\r\n      \"cont\": \"\/wp-content\/uploads\/2020\/08\/ohhhmhhh.jpg\",\r\n      \"align\": \"top\",\r\n      \"row\": 12,\r\n      \"col\": 8,\r\n      \"colspan\": 4,\r\n      \"offsetx\": 0,\r\n      \"offsety\": 0,\r\n      \"spaceabove\": 0,\r\n      \"spacebelow\": 0,\r\n      \"yvel\": 1,\r\n      \"push\": 0,\r\n      \"relid\": 1606,\r\n      \"attid\": 419,\r\n      \"sizes\": {\r\n        \"full\": \"\/wp-content\/uploads\/2020\/08\/ohhhmhhh.jpg\",\r\n        \"_265\": \"\/wp-content\/uploads\/2020\/08\/ohhhmhhh-265x159.jpg\"\r\n      },\r\n      \"w\": 500,\r\n      \"h\": 300,\r\n      \"ar\": 0.6,\r\n      \"alt\": \"\",\r\n      \"frameOverflow\": \"\"\r\n    },\r\n    {\r\n      \"type\": \"hr\",\r\n      \"cont\": \"\",\r\n      \"align\": \"top\",\r\n      \"row\": 13,\r\n      \"col\": 0,\r\n      \"colspan\": 4,\r\n      \"offsetx\": 0,\r\n      \"offsety\": 0,\r\n      \"spaceabove\": 0,\r\n      \"spacebelow\": 0,\r\n      \"yvel\": 1,\r\n      \"push\": 0,\r\n      \"relid\": 5,\r\n      \"frameOverflow\": \"\"\r\n    },\r\n    {\r\n      \"type\": \"hr\",\r\n      \"cont\": \"\",\r\n      \"align\": \"middle\",\r\n      \"row\": 13,\r\n      \"col\": 4,\r\n      \"colspan\": 4,\r\n      \"offsetx\": 0,\r\n      \"offsety\": 0,\r\n      \"spaceabove\": 0,\r\n      \"spacebelow\": 0,\r\n      \"yvel\": 1,\r\n      \"push\": 0,\r\n      \"relid\": 11,\r\n      \"frameOverflow\": \"\"\r\n    },\r\n    {\r\n      \"type\": \"hr\",\r\n      \"cont\": \"\",\r\n      \"align\": \"middle\",\r\n      \"row\": 13,\r\n      \"col\": 8,\r\n      \"colspan\": 4,\r\n      \"offsetx\": 0,\r\n      \"offsety\": 0,\r\n      \"spaceabove\": 0,\r\n      \"spacebelow\": 0,\r\n      \"yvel\": 1,\r\n      \"push\": 0,\r\n      \"relid\": 15,\r\n      \"frameOverflow\": \"\"\r\n    },\r\n    {\r\n      \"type\": \"stack\",\r\n      \"cont\": [\r\n        {\r\n          \"type\": \"text\",\r\n          \"cont\": \"<h1 class=\\\"_Quote\\\">Escape: Gut \u00dcselitz on R\u00fcgen<\/h1><p>Oktober 2019, Mary Scherpe<\/p>\",\r\n          \"align\": \"top\",\r\n          \"row\": -1,\r\n          \"col\": 0,\r\n          \"colspan\": 4,\r\n          \"offsetx\": 0,\r\n          \"offsety\": 0,\r\n          \"spaceabove\": 0,\r\n          \"spacebelow\": 0,\r\n          \"yvel\": 1,\r\n          \"push\": 0,\r\n          \"relid\": 28\r\n        },\r\n        {\r\n          \"type\": \"text\",\r\n          \"cont\": \"<p><a href=\\\"https:\/\/www.stilinberlin.de\/2019\/10\/escape-gut-uselitz-on-rugen.html\\\" target=\\\"_blank\\\" rel=\\\"noopener\\\">TO ARTICLE<\/a><\/p>\",\r\n          \"align\": \"bottom\",\r\n          \"row\": -1,\r\n          \"col\": 0,\r\n          \"colspan\": 2,\r\n          \"offsetx\": 0,\r\n          \"offsety\": 0,\r\n          \"spaceabove\": 1,\r\n          \"spacebelow\": 0,\r\n          \"yvel\": 1,\r\n          \"push\": 0,\r\n          \"relid\": 29,\r\n          \"classes\": \"buttonstyle1\"\r\n        }\r\n      ],\r\n      \"align\": \"top\",\r\n      \"row\": 14,\r\n      \"col\": 0,\r\n      \"colspan\": 4,\r\n      \"offsetx\": 0,\r\n      \"offsety\": 0,\r\n      \"spaceabove\": 0,\r\n      \"spacebelow\": 0,\r\n      \"yvel\": 1,\r\n      \"push\": 0,\r\n      \"relid\": 17,\r\n      \"frameOverflow\": \"\"\r\n    },\r\n    {\r\n      \"type\": \"stack\",\r\n      \"cont\": [\r\n        {\r\n          \"type\": \"text\",\r\n          \"cont\": \"<h1 class=\\\"_Quote\\\">Raus aus der Stadt: 11 tolle Unterk\u00fcnfte f\u00fcr ein Wochenende am Wasser<\/h1><p>2019<\/p>\",\r\n          \"align\": \"top\",\r\n          \"row\": -1,\r\n          \"col\": 0,\r\n          \"colspan\": 4,\r\n          \"offsetx\": 0,\r\n          \"offsety\": 0,\r\n          \"spaceabove\": 0,\r\n          \"spacebelow\": 0,\r\n          \"yvel\": 1,\r\n          \"push\": 0,\r\n          \"relid\": 564\r\n        },\r\n        {\r\n          \"type\": \"text\",\r\n          \"cont\": \"<p><a href=\\\"https:\/\/hamburg.mitvergnuegen.com\/2020\/unterkuenfte-fuer-ein-wochenende-am-wasser\/\\\" target=\\\"_blank\\\" rel=\\\"noopener\\\">TO ARTICLE<\/a><\/p>\",\r\n          \"align\": \"bottom\",\r\n          \"row\": -1,\r\n          \"col\": 0,\r\n          \"colspan\": 2,\r\n          \"offsetx\": 0,\r\n          \"offsety\": 0,\r\n          \"spaceabove\": 1,\r\n          \"spacebelow\": 0,\r\n          \"yvel\": 1,\r\n          \"push\": 0,\r\n          \"relid\": 565,\r\n          \"classes\": \"buttonstyle1\"\r\n        }\r\n      ],\r\n      \"align\": \"top\",\r\n      \"row\": 14,\r\n      \"col\": 4,\r\n      \"colspan\": 4,\r\n      \"offsetx\": 0,\r\n      \"offsety\": 0,\r\n      \"spaceabove\": 0,\r\n      \"spacebelow\": 0,\r\n      \"yvel\": 1,\r\n      \"push\": 0,\r\n      \"relid\": 563,\r\n      \"frameOverflow\": \"\"\r\n    },\r\n    {\r\n      \"type\": \"stack\",\r\n      \"cont\": [\r\n        {\r\n          \"type\": \"text\",\r\n          \"cont\": \"<h1 class=\\\"_Quote\\\">F\u00fcr Familien: Gut \u00dcselitz auf R\u00fcgen<\/h1><p>2019<\/p>\",\r\n          \"align\": \"top\",\r\n          \"row\": -1,\r\n          \"col\": 0,\r\n          \"colspan\": 4,\r\n          \"offsetx\": 0,\r\n          \"offsety\": 0,\r\n          \"spaceabove\": 0,\r\n          \"spacebelow\": 0,\r\n          \"yvel\": 1,\r\n          \"push\": 0,\r\n          \"relid\": 567\r\n        },\r\n        {\r\n          \"type\": \"text\",\r\n          \"cont\": \"<p><a href=\\\"https:\/\/www.ohhhmhhh.de\/\\\" target=\\\"_blank\\\" rel=\\\"noopener\\\">BLOG<\/a><\/p>\",\r\n          \"align\": \"middle\",\r\n          \"row\": -1,\r\n          \"col\": 0,\r\n          \"colspan\": 2,\r\n          \"offsetx\": 0,\r\n          \"offsety\": 0,\r\n          \"spaceabove\": 1,\r\n          \"spacebelow\": 0,\r\n          \"yvel\": 1,\r\n          \"push\": 0,\r\n          \"relid\": 10,\r\n          \"classes\": \"buttonstyle1\"\r\n        }\r\n      ],\r\n      \"align\": \"top\",\r\n      \"row\": 14,\r\n      \"col\": 8,\r\n      \"colspan\": 4,\r\n      \"offsetx\": 0,\r\n      \"offsety\": 0,\r\n      \"spaceabove\": 0,\r\n      \"spacebelow\": 0,\r\n      \"yvel\": 1,\r\n      \"push\": 0,\r\n      \"relid\": 566,\r\n      \"frameOverflow\": \"\"\r\n    }\r\n  ]\r\n}","phonegrid":"{\r\n  \"colCount\": 12,\r\n  \"colGutter\": 1,\r\n  \"rowGutters\": [\r\n    5,\r\n    10,\r\n    5,\r\n    5,\r\n    15,\r\n    5,\r\n    5,\r\n    15,\r\n    5,\r\n    5,\r\n    15,\r\n    5,\r\n    5,\r\n    15,\r\n    5,\r\n    5,\r\n    15,\r\n    5,\r\n    5,\r\n    15,\r\n    5,\r\n    5,\r\n    15,\r\n    5,\r\n    5,\r\n    15,\r\n    5,\r\n    5,\r\n    15,\r\n    5,\r\n    5,\r\n    15,\r\n    5,\r\n    5,\r\n    15,\r\n    5,\r\n    5,\r\n    5,\r\n    5,\r\n    5,\r\n    15,\r\n    5,\r\n    5,\r\n    5,\r\n    5,\r\n    15,\r\n    5,\r\n    5,\r\n    5,\r\n    5\r\n  ],\r\n  \"frameMargin\": 5,\r\n  \"topFrameMargin\": 5,\r\n  \"bottomFrameMargin\": 5,\r\n  \"rowAttrs\": [\r\n    {},\r\n    {},\r\n    {},\r\n    {},\r\n    {},\r\n    {},\r\n    {},\r\n    {},\r\n    {},\r\n    {},\r\n    {},\r\n    {},\r\n    {},\r\n    {},\r\n    {},\r\n    {},\r\n    {},\r\n    {},\r\n    {},\r\n    {},\r\n    {},\r\n    {},\r\n    {},\r\n    {},\r\n    {},\r\n    {},\r\n    {},\r\n    {},\r\n    {},\r\n    {},\r\n    {},\r\n    {},\r\n    {},\r\n    {},\r\n    {},\r\n    {},\r\n    {},\r\n    {},\r\n    {},\r\n    {},\r\n    {},\r\n    {},\r\n    {},\r\n    {},\r\n    {},\r\n    {},\r\n    {},\r\n    {},\r\n    {},\r\n    {},\r\n    {}\r\n  ],\r\n  \"bgColor\": null,\r\n  \"cont\": [\r\n    {\r\n      \"type\": \"hr\",\r\n      \"cont\": \"\",\r\n      \"align\": \"bottom\",\r\n      \"row\": 0,\r\n      \"col\": 0,\r\n      \"colspan\": 12,\r\n      \"offsetx\": 0,\r\n      \"offsety\": 0,\r\n      \"spaceabove\": 0,\r\n      \"spacebelow\": 0,\r\n      \"yvel\": 0,\r\n      \"push\": 0,\r\n      \"relid\": 42\r\n    },\r\n    {\r\n      \"type\": \"text\",\r\n      \"cont\": \"<p class=\\\"_Headline\\\" style=\\\"text-align: left;\\\">\u00dcselitz in the press<\/p><p style=\\\"text-align: left;\\\">Read what others have said about \u00dcselitz and holidays surrounded by nature. For questions, pictures and further information please get in touch with us at <a href=\\\"mailto:%20info@ueselitz.de\\\" target=\\\"_blank\\\" rel=\\\"noopener\\\">info@ueselitz.de<\/a><\/p>\",\r\n      \"align\": \"bottom\",\r\n      \"row\": 1,\r\n      \"col\": 0,\r\n      \"colspan\": 12,\r\n      \"offsetx\": 0,\r\n      \"offsety\": 0,\r\n      \"spaceabove\": 0,\r\n      \"spacebelow\": 0,\r\n      \"yvel\": 0,\r\n      \"push\": 0,\r\n      \"relid\": 43,\r\n      \"frameOverflow\": \"\"\r\n    },\r\n    {\r\n      \"type\": \"img\",\r\n      \"cont\": \"\/wp-content\/uploads\/2020\/10\/Zeit_Reisen_Ueselitz.jpg\",\r\n      \"align\": \"top\",\r\n      \"row\": 2,\r\n      \"col\": 0,\r\n      \"colspan\": 12,\r\n      \"offsetx\": 0,\r\n      \"offsety\": 0,\r\n      \"spaceabove\": 0,\r\n      \"spacebelow\": 0,\r\n      \"yvel\": 1,\r\n      \"push\": 0,\r\n      \"relid\": 1554,\r\n      \"attid\": 476,\r\n      \"sizes\": {\r\n        \"full\": \"\/wp-content\/uploads\/2020\/10\/Zeit_Reisen_Ueselitz.jpg\",\r\n        \"_1280\": \"\/wp-content\/uploads\/2020\/10\/Zeit_Reisen_Ueselitz-1280x1778.jpg\",\r\n        \"_1024\": \"\/wp-content\/uploads\/2020\/10\/Zeit_Reisen_Ueselitz-1024x1423.jpg\",\r\n        \"_768\": \"\/wp-content\/uploads\/2020\/10\/Zeit_Reisen_Ueselitz-768x1067.jpg\",\r\n        \"_512\": \"\/wp-content\/uploads\/2020\/10\/Zeit_Reisen_Ueselitz-512x711.jpg\",\r\n        \"_265\": \"\/wp-content\/uploads\/2020\/10\/Zeit_Reisen_Ueselitz-265x368.jpg\"\r\n      },\r\n      \"w\": 1654,\r\n      \"h\": 2298,\r\n      \"ar\": 1.3893591293833132,\r\n      \"alt\": \"\",\r\n      \"frameOverflow\": \"\"\r\n    },\r\n    {\r\n      \"type\": \"text\",\r\n      \"cont\": \"<h1 class=\\\"_Quote\\\">Am eigenen Ufer<\/h1><p><span style=\\\"color: #000000;\\\">Zeit Reisen<br \/>15.10.2020<\/span><\/p>\",\r\n      \"align\": \"top\",\r\n      \"row\": 3,\r\n      \"col\": 0,\r\n      \"colspan\": 12,\r\n      \"offsetx\": 0,\r\n      \"offsety\": 0,\r\n      \"spaceabove\": 0,\r\n      \"spacebelow\": 0,\r\n      \"yvel\": 1,\r\n      \"push\": 0,\r\n      \"relid\": 1556\r\n    },\r\n    {\r\n      \"type\": \"text\",\r\n      \"cont\": \"<p><span style=\\\"color: #000000;\\\"><a href=\\\"https:\/\/ueselitz.de\/wp-content\/uploads\/2020\/10\/Zeit_Reisen_Ueselitz.pdf\\\" target=\\\"_blank\\\" rel=\\\"noopener\\\">PDF<\/a><\/span><\/p>\",\r\n      \"align\": \"top\",\r\n      \"row\": 4,\r\n      \"col\": 0,\r\n      \"colspan\": 12,\r\n      \"offsetx\": 0,\r\n      \"offsety\": 0,\r\n      \"spaceabove\": 0,\r\n      \"spacebelow\": 0,\r\n      \"yvel\": 1,\r\n      \"push\": 0,\r\n      \"relid\": 1557,\r\n      \"classes\": \"buttonstyle1\"\r\n    },\r\n    {\r\n      \"type\": \"img\",\r\n      \"cont\": \"\/wp-content\/uploads\/2020\/09\/SZ_Magazin.png\",\r\n      \"align\": \"top\",\r\n      \"row\": 5,\r\n      \"col\": 0,\r\n      \"colspan\": 12,\r\n      \"offsetx\": 0,\r\n      \"offsety\": 0,\r\n      \"spaceabove\": 0,\r\n      \"spacebelow\": 0,\r\n      \"yvel\": 1,\r\n      \"push\": 0,\r\n      \"relid\": 1126,\r\n      \"attid\": 471,\r\n      \"sizes\": {\r\n        \"full\": \"\/wp-content\/uploads\/2020\/09\/SZ_Magazin.png\",\r\n        \"_768\": \"\/wp-content\/uploads\/2020\/09\/SZ_Magazin-768x979.png\",\r\n        \"_512\": \"\/wp-content\/uploads\/2020\/09\/SZ_Magazin-512x652.png\",\r\n        \"_265\": \"\/wp-content\/uploads\/2020\/09\/SZ_Magazin-265x338.png\"\r\n      },\r\n      \"w\": 977,\r\n      \"h\": 1245,\r\n      \"ar\": 1.2743091095189356,\r\n      \"alt\": \"\",\r\n      \"frameOverflow\": \"\"\r\n    },\r\n    {\r\n      \"type\": \"text\",\r\n      \"cont\": \"<h1 class=\\\"_Quote\\\">Guten Morgen, Natur!<\/h1><p>S\u00fcddeutsche Zeitung Magazin<br \/>Issue 38, 18 September 2020<\/p>\",\r\n      \"align\": \"top\",\r\n      \"row\": 6,\r\n      \"col\": 0,\r\n      \"colspan\": 12,\r\n      \"offsetx\": 0,\r\n      \"offsety\": 0,\r\n      \"spaceabove\": 0,\r\n      \"spacebelow\": 0,\r\n      \"yvel\": 1,\r\n      \"push\": 0,\r\n      \"relid\": 1128\r\n    },\r\n    {\r\n      \"type\": \"text\",\r\n      \"cont\": \"<p><span style=\\\"color: #000000;\\\"><a href=\\\"https:\/\/ueselitz.de\/wp-content\/uploads\/2020\/09\/sz_magazin_ueselitz.pdf\\\" target=\\\"_blank\\\" rel=\\\"noopener\\\">PDF<\/a><\/span><\/p>\",\r\n      \"align\": \"top\",\r\n      \"row\": 7,\r\n      \"col\": 0,\r\n      \"colspan\": 12,\r\n      \"offsetx\": 0,\r\n      \"offsety\": 0,\r\n      \"spaceabove\": 0,\r\n      \"spacebelow\": 0,\r\n      \"yvel\": 1,\r\n      \"push\": 0,\r\n      \"relid\": 1129,\r\n      \"classes\": \"buttonstyle1\"\r\n    },\r\n    {\r\n      \"type\": \"img\",\r\n      \"cont\": \"\/wp-content\/uploads\/2020\/07\/fullImage.jpg\",\r\n      \"align\": \"bottom\",\r\n      \"row\": 8,\r\n      \"col\": 0,\r\n      \"colspan\": 12,\r\n      \"offsetx\": 0,\r\n      \"offsety\": 0,\r\n      \"spaceabove\": 0,\r\n      \"spacebelow\": 0,\r\n      \"yvel\": 1,\r\n      \"push\": 0,\r\n      \"relid\": 697,\r\n      \"attid\": 409,\r\n      \"sizes\": {\r\n        \"full\": \"\/wp-content\/uploads\/2020\/07\/fullImage.jpg\",\r\n        \"_768\": \"\/wp-content\/uploads\/2020\/07\/fullImage-768x973.jpg\",\r\n        \"_512\": \"\/wp-content\/uploads\/2020\/07\/fullImage-512x649.jpg\",\r\n        \"_265\": \"\/wp-content\/uploads\/2020\/07\/fullImage-265x336.jpg\"\r\n      },\r\n      \"w\": 1000,\r\n      \"h\": 1267,\r\n      \"ar\": 1.267,\r\n      \"alt\": \"\",\r\n      \"frameOverflow\": \"\"\r\n    },\r\n    {\r\n      \"type\": \"text\",\r\n      \"cont\": \"<h1 class=\\\"_Quote\\\">Die besten Designadressen in Deutschland.<\/h1><p><span style=\\\"color: #000000;\\\">GEO SAISON<br \/>July 2020<\/span><\/p>\",\r\n      \"align\": \"bottom\",\r\n      \"row\": 9,\r\n      \"col\": 0,\r\n      \"colspan\": 12,\r\n      \"offsetx\": 0,\r\n      \"offsety\": 0,\r\n      \"spaceabove\": 0,\r\n      \"spacebelow\": 0,\r\n      \"yvel\": 1,\r\n      \"push\": 0,\r\n      \"relid\": 540\r\n    },\r\n    {\r\n      \"type\": \"text\",\r\n      \"cont\": \"<p><span style=\\\"color: #000000;\\\"><a href=\\\"https:\/\/ueselitz.de\/wp-content\/uploads\/2020\/08\/geo_saison_gut_ueselitz.pdf\\\" target=\\\"_blank\\\" rel=\\\"noopener\\\">PDF<\/a><\/span><\/p>\",\r\n      \"align\": \"bottom\",\r\n      \"row\": 10,\r\n      \"col\": 0,\r\n      \"colspan\": 12,\r\n      \"offsetx\": 0,\r\n      \"offsety\": 0,\r\n      \"spaceabove\": 0,\r\n      \"spacebelow\": 0,\r\n      \"yvel\": 1,\r\n      \"push\": 0,\r\n      \"relid\": 13,\r\n      \"classes\": \"buttonstyle1\"\r\n    },\r\n    {\r\n      \"type\": \"img\",\r\n      \"cont\": \"\/wp-content\/uploads\/2020\/07\/elle-germany-2020-juni.jpg\",\r\n      \"align\": \"bottom\",\r\n      \"row\": 11,\r\n      \"col\": 0,\r\n      \"colspan\": 12,\r\n      \"offsetx\": 0,\r\n      \"offsety\": 0,\r\n      \"spaceabove\": 0,\r\n      \"spacebelow\": 0,\r\n      \"yvel\": 1,\r\n      \"push\": 0,\r\n      \"relid\": 1170,\r\n      \"attid\": 402,\r\n      \"sizes\": {\r\n        \"full\": \"\/wp-content\/uploads\/2020\/07\/elle-germany-2020-juni.jpg\",\r\n        \"_768\": \"\/wp-content\/uploads\/2020\/07\/elle-germany-2020-juni-768x1049.jpg\",\r\n        \"_512\": \"\/wp-content\/uploads\/2020\/07\/elle-germany-2020-juni-512x700.jpg\",\r\n        \"_265\": \"\/wp-content\/uploads\/2020\/07\/elle-germany-2020-juni-265x362.jpg\"\r\n      },\r\n      \"w\": 800,\r\n      \"h\": 1093,\r\n      \"ar\": 1.36625,\r\n      \"alt\": \"\"\r\n    },\r\n    {\r\n      \"type\": \"text\",\r\n      \"cont\": \"<h1 class=\\\"_Quote\\\">Norddeutschlands sch\u00f6nste Ferienh\u00e4user am Wasser.<\/h1><p><span style=\\\"color: #000000;\\\">ELLE<br \/>June 2020<\/span><\/p>\",\r\n      \"align\": \"bottom\",\r\n      \"row\": 12,\r\n      \"col\": 0,\r\n      \"colspan\": 12,\r\n      \"offsetx\": 0,\r\n      \"offsety\": 0,\r\n      \"spaceabove\": 0,\r\n      \"spacebelow\": 0,\r\n      \"yvel\": 1,\r\n      \"push\": 0,\r\n      \"relid\": 6\r\n    },\r\n    {\r\n      \"type\": \"text\",\r\n      \"cont\": \"<p><span style=\\\"color: #000000;\\\"><a href=\\\"https:\/\/ueselitz.de\/wp-content\/uploads\/2020\/08\/elle-germany-2020-juni.pdf\\\" target=\\\"_blank\\\" rel=\\\"noopener\\\">PDF<\/a><\/span><\/p>\",\r\n      \"align\": \"bottom\",\r\n      \"row\": 13,\r\n      \"col\": 0,\r\n      \"colspan\": 12,\r\n      \"offsetx\": 0,\r\n      \"offsety\": 0,\r\n      \"spaceabove\": 0,\r\n      \"spacebelow\": 0,\r\n      \"yvel\": 1,\r\n      \"push\": 0,\r\n      \"relid\": 24,\r\n      \"classes\": \"buttonstyle1\"\r\n    },\r\n    {\r\n      \"type\": \"img\",\r\n      \"cont\": \"\/wp-content\/uploads\/2020\/08\/OZ-U\u0308selitz_4.jpg\",\r\n      \"align\": \"bottom\",\r\n      \"row\": 14,\r\n      \"col\": 0,\r\n      \"colspan\": 12,\r\n      \"offsetx\": 0,\r\n      \"offsety\": 0,\r\n      \"spaceabove\": 0,\r\n      \"spacebelow\": 0,\r\n      \"yvel\": 1,\r\n      \"push\": 0,\r\n      \"relid\": 1140,\r\n      \"attid\": 435,\r\n      \"sizes\": {\r\n        \"full\": \"\/wp-content\/uploads\/2020\/08\/OZ-U\u0308selitz_4.jpg\",\r\n        \"_1920\": \"\/wp-content\/uploads\/2020\/08\/OZ-U\u0308selitz_4-1920x2797.jpg\",\r\n        \"_1280\": \"\/wp-content\/uploads\/2020\/08\/OZ-U\u0308selitz_4-1280x1865.jpg\",\r\n        \"_1024\": \"\/wp-content\/uploads\/2020\/08\/OZ-U\u0308selitz_4-1024x1492.jpg\",\r\n        \"_768\": \"\/wp-content\/uploads\/2020\/08\/OZ-U\u0308selitz_4-768x1119.jpg\",\r\n        \"_512\": \"\/wp-content\/uploads\/2020\/08\/OZ-U\u0308selitz_4-512x746.jpg\",\r\n        \"_265\": \"\/wp-content\/uploads\/2020\/08\/OZ-U\u0308selitz_4-265x386.jpg\"\r\n      },\r\n      \"w\": 2000,\r\n      \"h\": 2914,\r\n      \"ar\": 1.457,\r\n      \"alt\": \"\"\r\n    },\r\n    {\r\n      \"type\": \"text\",\r\n      \"cont\": \"<h1 class=\\\"_Quote\\\">Von der Ruine zum Wasserschloss<\/h1><p><span style=\\\"color: #000000;\\\">Ostseezeitung<br \/>31.3.2020<br \/><\/span><\/p>\",\r\n      \"align\": \"bottom\",\r\n      \"row\": 15,\r\n      \"col\": 0,\r\n      \"colspan\": 12,\r\n      \"offsetx\": 0,\r\n      \"offsety\": 0,\r\n      \"spaceabove\": 0,\r\n      \"spacebelow\": 0,\r\n      \"yvel\": 1,\r\n      \"push\": 0,\r\n      \"relid\": 1109\r\n    },\r\n    {\r\n      \"type\": \"text\",\r\n      \"cont\": \"<p><span style=\\\"color: #000000;\\\"><a href=\\\"https:\/\/ueselitz.de\/wp-content\/uploads\/2020\/08\/OZ-U\u0308selitz_2.pdf\\\" target=\\\"_blank\\\" rel=\\\"noopener\\\">PDF<\/a><\/span><\/p>\",\r\n      \"align\": \"bottom\",\r\n      \"row\": 16,\r\n      \"col\": 0,\r\n      \"colspan\": 12,\r\n      \"offsetx\": 0,\r\n      \"offsety\": 0,\r\n      \"spaceabove\": 0,\r\n      \"spacebelow\": 0,\r\n      \"yvel\": 1,\r\n      \"push\": 0,\r\n      \"relid\": 16,\r\n      \"classes\": \"buttonstyle1\"\r\n    },\r\n    {\r\n      \"type\": \"img\",\r\n      \"cont\": \"\/wp-content\/uploads\/2020\/07\/vogue_living.jpg\",\r\n      \"align\": \"bottom\",\r\n      \"row\": 17,\r\n      \"col\": 0,\r\n      \"colspan\": 12,\r\n      \"offsetx\": 0,\r\n      \"offsety\": 0,\r\n      \"spaceabove\": 0,\r\n      \"spacebelow\": 0,\r\n      \"yvel\": 1,\r\n      \"push\": 0,\r\n      \"relid\": 541,\r\n      \"attid\": 405,\r\n      \"sizes\": {\r\n        \"full\": \"\/wp-content\/uploads\/2020\/07\/vogue_living.jpg\",\r\n        \"_512\": \"\/wp-content\/uploads\/2020\/07\/vogue_living-512x655.jpg\",\r\n        \"_265\": \"\/wp-content\/uploads\/2020\/07\/vogue_living-265x339.jpg\"\r\n      },\r\n      \"w\": 700,\r\n      \"h\": 896,\r\n      \"ar\": 1.28,\r\n      \"alt\": \"\"\r\n    },\r\n    {\r\n      \"type\": \"text\",\r\n      \"cont\": \"<h1 class=\\\"_Quote\\\">Verr\u00fcckt romantisch und fast vergessen.<\/h1><p class=\\\"_Default\\\"><span style=\\\"color: #000000;\\\">VOGUE Living Netherlands<br \/>January\/February 2020<br \/><\/span><\/p>\",\r\n      \"align\": \"bottom\",\r\n      \"row\": 18,\r\n      \"col\": 0,\r\n      \"colspan\": 12,\r\n      \"offsetx\": 0,\r\n      \"offsety\": 0,\r\n      \"spaceabove\": 0,\r\n      \"spacebelow\": 0,\r\n      \"yvel\": 1,\r\n      \"push\": 0,\r\n      \"relid\": 7\r\n    },\r\n    {\r\n      \"type\": \"text\",\r\n      \"cont\": \"<p class=\\\"_LINK\\\"><a href=\\\"https:\/\/ueselitz.de\/wp-content\/uploads\/2020\/08\/vogue_living.pdf\\\" target=\\\"_blank\\\" rel=\\\"noopener\\\" data-id=\\\"0\\\">PDF<\/a><\/p>\",\r\n      \"align\": \"bottom\",\r\n      \"row\": 19,\r\n      \"col\": 0,\r\n      \"colspan\": 12,\r\n      \"offsetx\": 0,\r\n      \"offsety\": 0,\r\n      \"spaceabove\": 0,\r\n      \"spacebelow\": 0,\r\n      \"yvel\": 1,\r\n      \"push\": 0,\r\n      \"relid\": 20,\r\n      \"classes\": \"buttonstyle1\"\r\n    },\r\n    {\r\n      \"type\": \"img\",\r\n      \"cont\": \"\/wp-content\/uploads\/2020\/08\/Bildschirmfoto-2020-08-11-um-16.51.59.png\",\r\n      \"align\": \"bottom\",\r\n      \"row\": 20,\r\n      \"col\": 0,\r\n      \"colspan\": 12,\r\n      \"offsetx\": 0,\r\n      \"offsety\": 0,\r\n      \"spaceabove\": 0,\r\n      \"spacebelow\": 0,\r\n      \"yvel\": 1,\r\n      \"push\": 0,\r\n      \"relid\": 1020,\r\n      \"attid\": 447,\r\n      \"sizes\": {\r\n        \"full\": \"\/wp-content\/uploads\/2020\/08\/Bildschirmfoto-2020-08-11-um-16.51.59.png\",\r\n        \"_1024\": \"\/wp-content\/uploads\/2020\/08\/Bildschirmfoto-2020-08-11-um-16.51.59-1024x574.png\",\r\n        \"_768\": \"\/wp-content\/uploads\/2020\/08\/Bildschirmfoto-2020-08-11-um-16.51.59-768x431.png\",\r\n        \"_512\": \"\/wp-content\/uploads\/2020\/08\/Bildschirmfoto-2020-08-11-um-16.51.59-512x287.png\",\r\n        \"_265\": \"\/wp-content\/uploads\/2020\/08\/Bildschirmfoto-2020-08-11-um-16.51.59-265x149.png\"\r\n      },\r\n      \"w\": 1279,\r\n      \"h\": 717,\r\n      \"ar\": 0.5605942142298671,\r\n      \"alt\": \"\"\r\n    },\r\n    {\r\n      \"type\": \"text\",\r\n      \"cont\": \"<h1 class=\\\"_Quote\\\">Inselklang: Lautsprecher von der Insel R\u00fcgen<\/h1><p><span style=\\\"color: #000000;\\\">Nordmagazin \u2013 NDR Fernsehen<br \/>13.01.2020<br \/><\/span><\/p>\",\r\n      \"align\": \"bottom\",\r\n      \"row\": 21,\r\n      \"col\": 0,\r\n      \"colspan\": 12,\r\n      \"offsetx\": 0,\r\n      \"offsety\": 0,\r\n      \"spaceabove\": 0,\r\n      \"spacebelow\": 0,\r\n      \"yvel\": 1,\r\n      \"push\": 0,\r\n      \"relid\": 26\r\n    },\r\n    {\r\n      \"type\": \"text\",\r\n      \"cont\": \"<p><span style=\\\"color: #000000;\\\"><a href=\\\"https:\/\/www.ardmediathek.de\/ndr\/video\/nordmagazin\/inselklang-lautsprecher-von-der-insel-ruegen\/ndr-fernsehen\/Y3JpZDovL25kci5kZS9kNzk2YTdiNi1hZDA5LTRiYWYtYWMzZC1kNjYyNjJmM2MwYTU\/\\\" target=\\\"_blank\\\" rel=\\\"noopener\\\">ARD-Mediathek<\/a><\/span><\/p>\",\r\n      \"align\": \"bottom\",\r\n      \"row\": 22,\r\n      \"col\": 0,\r\n      \"colspan\": 12,\r\n      \"offsetx\": 0,\r\n      \"offsety\": 0,\r\n      \"spaceabove\": 0,\r\n      \"spacebelow\": 0,\r\n      \"yvel\": 1,\r\n      \"push\": 0,\r\n      \"relid\": 27,\r\n      \"classes\": \"buttonstyle1\"\r\n    },\r\n    {\r\n      \"type\": \"img\",\r\n      \"cont\": \"\/wp-content\/uploads\/2020\/07\/takemetothelakes.png\",\r\n      \"align\": \"bottom\",\r\n      \"row\": 23,\r\n      \"col\": 0,\r\n      \"colspan\": 12,\r\n      \"offsetx\": 0,\r\n      \"offsety\": 0,\r\n      \"spaceabove\": 0,\r\n      \"spacebelow\": 0,\r\n      \"yvel\": 1,\r\n      \"push\": 0,\r\n      \"relid\": 1573,\r\n      \"attid\": 403,\r\n      \"sizes\": {\r\n        \"full\": \"\/wp-content\/uploads\/2020\/07\/takemetothelakes.png\",\r\n        \"_265\": \"\/wp-content\/uploads\/2020\/07\/takemetothelakes-265x343.png\"\r\n      },\r\n      \"w\": 501,\r\n      \"h\": 649,\r\n      \"ar\": 1.2954091816367266,\r\n      \"alt\": \"\"\r\n    },\r\n    {\r\n      \"type\": \"text\",\r\n      \"cont\": \"<h1 class=\\\"_Quote\\\">Take Me to the Lakes \u2013 Weekender Edition Hamburg<\/h1><p>The Gentle Temper<br \/>1. edition, 2019<\/p>\",\r\n      \"align\": \"bottom\",\r\n      \"row\": 24,\r\n      \"col\": 0,\r\n      \"colspan\": 12,\r\n      \"offsetx\": 0,\r\n      \"offsety\": 0,\r\n      \"spaceabove\": 0,\r\n      \"spacebelow\": 0,\r\n      \"yvel\": 1,\r\n      \"push\": 0,\r\n      \"relid\": 1169\r\n    },\r\n    {\r\n      \"type\": \"text\",\r\n      \"cont\": \"<p><a href=\\\"https:\/\/ueselitz.de\/wp-content\/uploads\/2020\/08\/takemetothelakes.pdf\\\" target=\\\"_blank\\\" rel=\\\"noopener\\\">PDF<\/a><\/p>\",\r\n      \"align\": \"bottom\",\r\n      \"row\": 25,\r\n      \"col\": 0,\r\n      \"colspan\": 12,\r\n      \"offsetx\": 0,\r\n      \"offsety\": 0,\r\n      \"spaceabove\": 0,\r\n      \"spacebelow\": 0,\r\n      \"yvel\": 1,\r\n      \"push\": 0,\r\n      \"relid\": 18,\r\n      \"classes\": \"buttonstyle1\"\r\n    },\r\n    {\r\n      \"type\": \"img\",\r\n      \"cont\": \"\/wp-content\/uploads\/2020\/07\/01_architekten_reisen.jpg\",\r\n      \"align\": \"bottom\",\r\n      \"row\": 26,\r\n      \"col\": 0,\r\n      \"colspan\": 12,\r\n      \"offsetx\": 0,\r\n      \"offsety\": 0,\r\n      \"spaceabove\": 0,\r\n      \"spacebelow\": 0,\r\n      \"yvel\": 1,\r\n      \"push\": 0,\r\n      \"relid\": 698,\r\n      \"attid\": 398,\r\n      \"sizes\": {\r\n        \"full\": \"\/wp-content\/uploads\/2020\/07\/01_architekten_reisen.jpg\",\r\n        \"_1920\": \"\/wp-content\/uploads\/2020\/07\/01_architekten_reisen-1920x2268.jpg\",\r\n        \"_1280\": \"\/wp-content\/uploads\/2020\/07\/01_architekten_reisen-1280x1512.jpg\",\r\n        \"_1024\": \"\/wp-content\/uploads\/2020\/07\/01_architekten_reisen-1024x1210.jpg\",\r\n        \"_768\": \"\/wp-content\/uploads\/2020\/07\/01_architekten_reisen-768x907.jpg\",\r\n        \"_512\": \"\/wp-content\/uploads\/2020\/07\/01_architekten_reisen-512x605.jpg\",\r\n        \"_265\": \"\/wp-content\/uploads\/2020\/07\/01_architekten_reisen-265x313.jpg\"\r\n      },\r\n      \"w\": 2000,\r\n      \"h\": 2363,\r\n      \"ar\": 1.1815,\r\n      \"alt\": \"\"\r\n    },\r\n    {\r\n      \"type\": \"text\",\r\n      \"cont\": \"<h1 class=\\\"_Quote\\\">Architekten Reisen \u2013 Design-Refugien in Deutschland<\/h1><p class=\\\"_Default\\\"><span style=\\\"color: #000000;\\\">Braun Publishing<br \/>10\/2019<br \/><\/span><\/p>\",\r\n      \"align\": \"bottom\",\r\n      \"row\": 27,\r\n      \"col\": 0,\r\n      \"colspan\": 12,\r\n      \"offsetx\": 0,\r\n      \"offsety\": 0,\r\n      \"spaceabove\": 0,\r\n      \"spacebelow\": 0,\r\n      \"yvel\": 1,\r\n      \"push\": 0,\r\n      \"relid\": 764\r\n    },\r\n    {\r\n      \"type\": \"text\",\r\n      \"cont\": \"<p><a href=\\\"https:\/\/ueselitz.de\/wp-content\/uploads\/2020\/08\/architekten_reisen.pdf\\\" target=\\\"_blank\\\" rel=\\\"noopener\\\">PDF<\/a><\/p>\",\r\n      \"align\": \"bottom\",\r\n      \"row\": 28,\r\n      \"col\": 0,\r\n      \"colspan\": 12,\r\n      \"offsetx\": 0,\r\n      \"offsety\": 0,\r\n      \"spaceabove\": 0,\r\n      \"spacebelow\": 0,\r\n      \"yvel\": 1,\r\n      \"push\": 0,\r\n      \"relid\": 19,\r\n      \"classes\": \"buttonstyle1\"\r\n    },\r\n    {\r\n      \"type\": \"img\",\r\n      \"cont\": \"\/wp-content\/uploads\/2020\/09\/figaro_magazine_title.jpg\",\r\n      \"align\": \"top\",\r\n      \"row\": 29,\r\n      \"col\": 0,\r\n      \"colspan\": 12,\r\n      \"offsetx\": 0,\r\n      \"offsety\": 0,\r\n      \"spaceabove\": 0,\r\n      \"spacebelow\": 0,\r\n      \"yvel\": 1,\r\n      \"push\": 0,\r\n      \"relid\": 766,\r\n      \"attid\": 459,\r\n      \"sizes\": {\r\n        \"full\": \"\/wp-content\/uploads\/2020\/09\/figaro_magazine_title.jpg\",\r\n        \"_1280\": \"\/wp-content\/uploads\/2020\/09\/figaro_magazine_title-1280x1637.jpg\",\r\n        \"_1024\": \"\/wp-content\/uploads\/2020\/09\/figaro_magazine_title-1024x1310.jpg\",\r\n        \"_768\": \"\/wp-content\/uploads\/2020\/09\/figaro_magazine_title-768x982.jpg\",\r\n        \"_512\": \"\/wp-content\/uploads\/2020\/09\/figaro_magazine_title-512x655.jpg\",\r\n        \"_265\": \"\/wp-content\/uploads\/2020\/09\/figaro_magazine_title-265x339.jpg\"\r\n      },\r\n      \"w\": 1819,\r\n      \"h\": 2327,\r\n      \"ar\": 1.279274326553051,\r\n      \"alt\": \"\",\r\n      \"frameOverflow\": \"\"\r\n    },\r\n    {\r\n      \"type\": \"text\",\r\n      \"cont\": \"<h1 class=\\\"_Quote\\\">R\u00fcgen &amp; Usedom. Exotique Baltique<\/h1><p class=\\\"_Default\\\"><span style=\\\"color: #000000;\\\">Le Figaro Magazine<br \/>August 2019<br \/><\/span><\/p>\",\r\n      \"align\": \"top\",\r\n      \"row\": 30,\r\n      \"col\": 0,\r\n      \"colspan\": 12,\r\n      \"offsetx\": 0,\r\n      \"offsety\": 0,\r\n      \"spaceabove\": 0,\r\n      \"spacebelow\": 0,\r\n      \"yvel\": 1,\r\n      \"push\": 0,\r\n      \"relid\": 30\r\n    },\r\n    {\r\n      \"type\": \"text\",\r\n      \"cont\": \"<p><span style=\\\"color: #000000;\\\"><a href=\\\"https:\/\/ueselitz.de\/wp-content\/uploads\/2020\/09\/figaro_magazine.pdf\\\" target=\\\"_blank\\\" rel=\\\"noopener\\\">PDF<\/a><\/span><\/p>\",\r\n      \"align\": \"top\",\r\n      \"row\": 31,\r\n      \"col\": 0,\r\n      \"colspan\": 12,\r\n      \"offsetx\": 0,\r\n      \"offsety\": 0,\r\n      \"spaceabove\": 0,\r\n      \"spacebelow\": 0,\r\n      \"yvel\": 1,\r\n      \"push\": 0,\r\n      \"relid\": 31,\r\n      \"classes\": \"buttonstyle1\"\r\n    },\r\n    {\r\n      \"type\": \"img\",\r\n      \"cont\": \"\/wp-content\/uploads\/2020\/08\/elle_decoration_ueselitz_2019-1.jpg\",\r\n      \"align\": \"top\",\r\n      \"row\": 32,\r\n      \"col\": 0,\r\n      \"colspan\": 12,\r\n      \"offsetx\": 0,\r\n      \"offsety\": 0,\r\n      \"spaceabove\": 0,\r\n      \"spacebelow\": 0,\r\n      \"yvel\": 1,\r\n      \"push\": 0,\r\n      \"relid\": 1852,\r\n      \"attid\": 454,\r\n      \"sizes\": {\r\n        \"full\": \"\/wp-content\/uploads\/2020\/08\/elle_decoration_ueselitz_2019-1.jpg\",\r\n        \"_1024\": \"\/wp-content\/uploads\/2020\/08\/elle_decoration_ueselitz_2019-1-1024x1336.jpg\",\r\n        \"_768\": \"\/wp-content\/uploads\/2020\/08\/elle_decoration_ueselitz_2019-1-768x1002.jpg\",\r\n        \"_512\": \"\/wp-content\/uploads\/2020\/08\/elle_decoration_ueselitz_2019-1-512x668.jpg\",\r\n        \"_265\": \"\/wp-content\/uploads\/2020\/08\/elle_decoration_ueselitz_2019-1-265x346.jpg\"\r\n      },\r\n      \"w\": 1126,\r\n      \"h\": 1469,\r\n      \"ar\": 1.3046181172291296,\r\n      \"alt\": \"\"\r\n    },\r\n    {\r\n      \"type\": \"text\",\r\n      \"cont\": \"<h1 class=\\\"_Quote\\\">Gl\u00fcck auf Zeit. Traumhafte Ferienh\u00e4user von Belgien \u00fcber Deutschland bis Italien und Griechenland<\/h1><p class=\\\"_Default\\\"><span style=\\\"color: #000000;\\\">Elle Decoration<br \/>3\/2019, Mai\/June<br \/><\/span><\/p>\",\r\n      \"align\": \"top\",\r\n      \"row\": 33,\r\n      \"col\": 0,\r\n      \"colspan\": 12,\r\n      \"offsetx\": 0,\r\n      \"offsety\": 0,\r\n      \"spaceabove\": 0,\r\n      \"spacebelow\": 0,\r\n      \"yvel\": 1,\r\n      \"push\": 0,\r\n      \"relid\": 1854\r\n    },\r\n    {\r\n      \"type\": \"text\",\r\n      \"cont\": \"<p><span style=\\\"color: #000000;\\\"><a href=\\\"https:\/\/ueselitz.de\/wp-content\/uploads\/2020\/09\/elle_decoration_1.pdf\\\" target=\\\"_blank\\\" rel=\\\"noopener\\\">PDF<\/a><\/span><\/p>\",\r\n      \"align\": \"top\",\r\n      \"row\": 34,\r\n      \"col\": 0,\r\n      \"colspan\": 12,\r\n      \"offsetx\": 0,\r\n      \"offsety\": 0,\r\n      \"spaceabove\": 0,\r\n      \"spacebelow\": 0,\r\n      \"yvel\": 1,\r\n      \"push\": 0,\r\n      \"relid\": 32,\r\n      \"classes\": \"buttonstyle1\"\r\n    },\r\n    {\r\n      \"type\": \"text\",\r\n      \"cont\": \"<p class=\\\"_Headline\\\">Blogs<\/p>\",\r\n      \"align\": \"bottom\",\r\n      \"row\": 35,\r\n      \"col\": 0,\r\n      \"colspan\": 12,\r\n      \"offsetx\": 0,\r\n      \"offsety\": 0,\r\n      \"spaceabove\": 0,\r\n      \"spacebelow\": 0,\r\n      \"yvel\": 1,\r\n      \"push\": 0,\r\n      \"relid\": 1610\r\n    },\r\n    {\r\n      \"type\": \"hr\",\r\n      \"cont\": \"\",\r\n      \"align\": \"top\",\r\n      \"row\": 36,\r\n      \"col\": 0,\r\n      \"colspan\": 12,\r\n      \"offsetx\": 0,\r\n      \"offsety\": 0,\r\n      \"spaceabove\": 0,\r\n      \"spacebelow\": 0,\r\n      \"yvel\": 1,\r\n      \"push\": 0,\r\n      \"relid\": 4\r\n    },\r\n    {\r\n      \"type\": \"img\",\r\n      \"cont\": \"\/wp-content\/uploads\/2020\/08\/stil-in_berlin.jpg\",\r\n      \"align\": \"bottom\",\r\n      \"row\": 37,\r\n      \"col\": 0,\r\n      \"colspan\": 12,\r\n      \"offsetx\": 0,\r\n      \"offsety\": 0,\r\n      \"spaceabove\": 0,\r\n      \"spacebelow\": 0,\r\n      \"yvel\": 1,\r\n      \"push\": 0,\r\n      \"relid\": 549,\r\n      \"attid\": 420,\r\n      \"sizes\": {\r\n        \"full\": \"\/wp-content\/uploads\/2020\/08\/stil-in_berlin.jpg\",\r\n        \"_265\": \"\/wp-content\/uploads\/2020\/08\/stil-in_berlin-265x159.jpg\"\r\n      },\r\n      \"w\": 500,\r\n      \"h\": 300,\r\n      \"ar\": 0.6,\r\n      \"alt\": \"\",\r\n      \"frameOverflow\": \"\",\r\n      \"imagelink\": {\r\n        \"url\": \"https:\/\/www.stilinberlin.de\/2019\/10\/escape-gut-uselitz-on-rugen.html\",\r\n        \"id\": 0,\r\n        \"type\": \"\",\r\n        \"newtab\": true,\r\n        \"title\": \"\",\r\n        \"hoverimageid\": null,\r\n        \"hoverimagesmallsrc\": \"\"\r\n      }\r\n    },\r\n    {\r\n      \"type\": \"hr\",\r\n      \"cont\": \"\",\r\n      \"align\": \"bottom\",\r\n      \"row\": 38,\r\n      \"col\": 0,\r\n      \"colspan\": 12,\r\n      \"offsetx\": 0,\r\n      \"offsety\": 0,\r\n      \"spaceabove\": 0,\r\n      \"spacebelow\": 0,\r\n      \"yvel\": 1,\r\n      \"push\": 0,\r\n      \"relid\": 1607,\r\n      \"frameOverflow\": \"\"\r\n    },\r\n    {\r\n      \"type\": \"text\",\r\n      \"cont\": \"<h1 class=\\\"_Quote\\\">Escape: Gut \u00dcselitz on R\u00fcgen<\/h1><p>Oktober 2019, Mary Scherpe<\/p>\",\r\n      \"align\": \"bottom\",\r\n      \"row\": 39,\r\n      \"col\": 0,\r\n      \"colspan\": 12,\r\n      \"offsetx\": 0,\r\n      \"offsety\": 0,\r\n      \"spaceabove\": 0,\r\n      \"spacebelow\": 0,\r\n      \"yvel\": 1,\r\n      \"push\": 0,\r\n      \"relid\": 28\r\n    },\r\n    {\r\n      \"type\": \"text\",\r\n      \"cont\": \"<p><a href=\\\"https:\/\/www.stilinberlin.de\/2019\/10\/escape-gut-uselitz-on-rugen.html\\\" target=\\\"_blank\\\" rel=\\\"noopener\\\">TO ARTICLE<\/a><\/p>\",\r\n      \"align\": \"bottom\",\r\n      \"row\": 40,\r\n      \"col\": 0,\r\n      \"colspan\": 12,\r\n      \"offsetx\": 0,\r\n      \"offsety\": 0,\r\n      \"spaceabove\": 0,\r\n      \"spacebelow\": 0,\r\n      \"yvel\": 1,\r\n      \"push\": 0,\r\n      \"relid\": 29,\r\n      \"classes\": \"buttonstyle1\"\r\n    },\r\n    {\r\n      \"type\": \"hr\",\r\n      \"cont\": \"\",\r\n      \"align\": \"bottom\",\r\n      \"row\": 41,\r\n      \"col\": 0,\r\n      \"colspan\": 12,\r\n      \"offsetx\": 0,\r\n      \"offsety\": 0,\r\n      \"spaceabove\": 0,\r\n      \"spacebelow\": 0,\r\n      \"yvel\": 1,\r\n      \"push\": 0,\r\n      \"relid\": 1608,\r\n      \"frameOverflow\": \"\"\r\n    },\r\n    {\r\n      \"type\": \"img\",\r\n      \"cont\": \"\/wp-content\/uploads\/2020\/08\/mit_vergnuegen.jpg\",\r\n      \"align\": \"bottom\",\r\n      \"row\": 42,\r\n      \"col\": 0,\r\n      \"colspan\": 12,\r\n      \"offsetx\": 0,\r\n      \"offsety\": 0,\r\n      \"spaceabove\": 0,\r\n      \"spacebelow\": 0,\r\n      \"yvel\": 1,\r\n      \"push\": 0,\r\n      \"relid\": 1196,\r\n      \"attid\": 418,\r\n      \"sizes\": {\r\n        \"full\": \"\/wp-content\/uploads\/2020\/08\/mit_vergnuegen.jpg\",\r\n        \"_265\": \"\/wp-content\/uploads\/2020\/08\/mit_vergnuegen-265x159.jpg\"\r\n      },\r\n      \"w\": 500,\r\n      \"h\": 300,\r\n      \"ar\": 0.6,\r\n      \"alt\": \"\",\r\n      \"frameOverflow\": \"\"\r\n    },\r\n    {\r\n      \"type\": \"hr\",\r\n      \"cont\": \"\",\r\n      \"align\": \"bottom\",\r\n      \"row\": 43,\r\n      \"col\": 0,\r\n      \"colspan\": 12,\r\n      \"offsetx\": 0,\r\n      \"offsety\": 0,\r\n      \"spaceabove\": 0,\r\n      \"spacebelow\": 0,\r\n      \"yvel\": 1,\r\n      \"push\": 0,\r\n      \"relid\": 1609,\r\n      \"frameOverflow\": \"\"\r\n    },\r\n    {\r\n      \"type\": \"text\",\r\n      \"cont\": \"<h1 class=\\\"_Quote\\\">Raus aus der Stadt: 11 tolle Unterk\u00fcnfte f\u00fcr ein Wochenende am Wasser<\/h1><p>2019<\/p>\",\r\n      \"align\": \"bottom\",\r\n      \"row\": 44,\r\n      \"col\": 0,\r\n      \"colspan\": 12,\r\n      \"offsetx\": 0,\r\n      \"offsety\": 0,\r\n      \"spaceabove\": 0,\r\n      \"spacebelow\": 0,\r\n      \"yvel\": 1,\r\n      \"push\": 0,\r\n      \"relid\": 564\r\n    },\r\n    {\r\n      \"type\": \"text\",\r\n      \"cont\": \"<p><a href=\\\"https:\/\/hamburg.mitvergnuegen.com\/2020\/unterkuenfte-fuer-ein-wochenende-am-wasser\/\\\" target=\\\"_blank\\\" rel=\\\"noopener\\\">TO ARTICLE<\/a><\/p>\",\r\n      \"align\": \"bottom\",\r\n      \"row\": 45,\r\n      \"col\": 0,\r\n      \"colspan\": 12,\r\n      \"offsetx\": 0,\r\n      \"offsety\": 0,\r\n      \"spaceabove\": 0,\r\n      \"spacebelow\": 0,\r\n      \"yvel\": 1,\r\n      \"push\": 0,\r\n      \"relid\": 565,\r\n      \"classes\": \"buttonstyle1\"\r\n    },\r\n    {\r\n      \"type\": \"hr\",\r\n      \"cont\": \"\",\r\n      \"align\": \"bottom\",\r\n      \"row\": 46,\r\n      \"col\": 0,\r\n      \"colspan\": 12,\r\n      \"offsetx\": 0,\r\n      \"offsety\": 0,\r\n      \"spaceabove\": 0,\r\n      \"spacebelow\": 0,\r\n      \"yvel\": 1,\r\n      \"push\": 0,\r\n      \"relid\": 5,\r\n      \"frameOverflow\": \"\"\r\n    },\r\n    {\r\n      \"type\": \"img\",\r\n      \"cont\": \"\/wp-content\/uploads\/2020\/08\/ohhhmhhh.jpg\",\r\n      \"align\": \"bottom\",\r\n      \"row\": 47,\r\n      \"col\": 0,\r\n      \"colspan\": 12,\r\n      \"offsetx\": 0,\r\n      \"offsety\": 0,\r\n      \"spaceabove\": 0,\r\n      \"spacebelow\": 0,\r\n      \"yvel\": 1,\r\n      \"push\": 0,\r\n      \"relid\": 1606,\r\n      \"attid\": 419,\r\n      \"sizes\": {\r\n        \"full\": \"\/wp-content\/uploads\/2020\/08\/ohhhmhhh.jpg\",\r\n        \"_265\": \"\/wp-content\/uploads\/2020\/08\/ohhhmhhh-265x159.jpg\"\r\n      },\r\n      \"w\": 500,\r\n      \"h\": 300,\r\n      \"ar\": 0.6,\r\n      \"alt\": \"\",\r\n      \"frameOverflow\": \"\"\r\n    },\r\n    {\r\n      \"type\": \"hr\",\r\n      \"cont\": \"\",\r\n      \"align\": \"bottom\",\r\n      \"row\": 48,\r\n      \"col\": 0,\r\n      \"colspan\": 12,\r\n      \"offsetx\": 0,\r\n      \"offsety\": 0,\r\n      \"spaceabove\": 0,\r\n      \"spacebelow\": 0,\r\n      \"yvel\": 1,\r\n      \"push\": 0,\r\n      \"relid\": 15,\r\n      \"frameOverflow\": \"\"\r\n    },\r\n    {\r\n      \"type\": \"text\",\r\n      \"cont\": \"<h1 class=\\\"_Quote\\\">F\u00fcr Familien: Gut \u00dcselitz auf R\u00fcgen<\/h1><p>2019<\/p>\",\r\n      \"align\": \"bottom\",\r\n      \"row\": 49,\r\n      \"col\": 0,\r\n      \"colspan\": 12,\r\n      \"offsetx\": 0,\r\n      \"offsety\": 0,\r\n      \"spaceabove\": 0,\r\n      \"spacebelow\": 0,\r\n      \"yvel\": 1,\r\n      \"push\": 0,\r\n      \"relid\": 567\r\n    },\r\n    {\r\n      \"type\": \"text\",\r\n      \"cont\": \"<p><a href=\\\"https:\/\/www.ohhhmhhh.de\/\\\" target=\\\"_blank\\\" rel=\\\"noopener\\\">BLOG<\/a><\/p>\",\r\n      \"align\": \"bottom\",\r\n      \"row\": 50,\r\n      \"col\": 0,\r\n      \"colspan\": 12,\r\n      \"offsetx\": 0,\r\n      \"offsety\": 0,\r\n      \"spaceabove\": 0,\r\n      \"spacebelow\": 0,\r\n      \"yvel\": 1,\r\n      \"push\": 0,\r\n      \"relid\": 10,\r\n      \"classes\": \"buttonstyle1\"\r\n    }\r\n  ]\r\n}","_links":{"self":[{"href":"https:\/\/ueselitz.de\/en\/wp-json\/wp\/v2\/pages\/438","targetHints":{"allow":["GET"]}}],"collection":[{"href":"https:\/\/ueselitz.de\/en\/wp-json\/wp\/v2\/pages"}],"about":[{"href":"https:\/\/ueselitz.de\/en\/wp-json\/wp\/v2\/types\/page"}],"author":[{"embeddable":true,"href":"https:\/\/ueselitz.de\/en\/wp-json\/wp\/v2\/users\/1"}],"replies":[{"embeddable":true,"href":"https:\/\/ueselitz.de\/en\/wp-json\/wp\/v2\/comments?post=438"}],"version-history":[{"count":0,"href":"https:\/\/ueselitz.de\/en\/wp-json\/wp\/v2\/pages\/438\/revisions"}],"wp:attachment":[{"href":"https:\/\/ueselitz.de\/en\/wp-json\/wp\/v2\/media?parent=438"}],"curies":[{"name":"wp","href":"https:\/\/api.w.org\/{rel}","templated":true}]}}